{"id":169,"date":"2017-02-10T16:25:54","date_gmt":"2017-02-10T22:25:54","guid":{"rendered":"https:\/\/www.arquidiocesismty.org\/arquimty\/?page_id=169"},"modified":"2026-01-02T10:38:17","modified_gmt":"2026-01-02T16:38:17","slug":"descargas","status":"publish","type":"page","link":"https:\/\/www.arquidiocesismty.org\/arquimty\/descargas\/","title":{"rendered":"Descargas"},"content":{"rendered":"<p>[vc_section full_width=&#8221;stretch_row&#8221; css=&#8221;.vc_custom_1606178214453{margin-bottom: 40px !important;background-image: url(https:\/\/www.arquidiocesismty.org\/arquimty\/wp-content\/uploads\/2020\/11\/banner-top-ayudanos.jpg?id=13413) !important;background-position: center !important;background-repeat: no-repeat !important;background-size: cover !important;}&#8221;][vc_row css=&#8221;.vc_custom_1606178199218{padding-right: 20px !important;padding-left: 20px !important;}&#8221;][vc_column][vc_column_text css=&#8221;.vc_custom_1486797440493{margin-bottom: 0px !important;padding-top: 84px !important;padding-bottom: 84px !important;}&#8221;]<\/p>\n<h1 class=\"page-title\"><span style=\"color: #ffffff;\">Descargas<\/span><\/h1>\n<h3 class=\"page-subtitle\"><span style=\"color: #ffffff;\">Descarga los archivos de Arquidi\u00f3cesis de Monterrey<\/span><\/h3>\n<p>[\/vc_column_text][\/vc_column][\/vc_row][\/vc_section][vc_row][vc_column][vc_column_text]<\/p>\n<ul class=\"dlm-downloads\">\n<li>\n<aside class=\"download-arqui-item\">\n<div class=\"download-image-content\">\n<div class=\"download-button-container\"><a class=\"download-button\" title=\"v\u00eda crucis virtual\" href=\"https:\/\/drive.google.com\/file\/d\/1nIP4UjNB1aH7E9t3JKA0WPh0kS9VqZTC\/view?usp=sharing\" target=\"_blank\" rel=\"nofollow noopener noreferrer\">Descargar Archivo <!--<small><\/small>--><\/a><\/div>\n<\/div>\n<div class=\"download-arqui-item-content\">\n<h4 class=\"download-title\">Bodas de cana\u0301 carta .pdf<\/h4>\n<\/div>\n<\/aside>\n<\/li>\n<\/ul>\n<p>[\/vc_column_text][vc_column_text]<\/p>\n<ul class=\"dlm-downloads\">\n<li>\n<aside class=\"download-arqui-item\">\n<div class=\"download-image-content\">\n<div class=\"download-button-container\"><a class=\"download-button\" title=\"v\u00eda crucis virtual\" href=\"https:\/\/drive.google.com\/file\/d\/1DU5oqSbOBnY5rc2yexSuG1nPupct_QpC\/view?usp=sharing\" target=\"_blank\" rel=\"nofollow noopener noreferrer\">Descargar Archivo <!--<small><\/small>--><\/a><\/div>\n<\/div>\n<div class=\"download-arqui-item-content\">\n<h4 class=\"download-title\">Bodas de cana\u0301 carta .png<\/h4>\n<\/div>\n<\/aside>\n<\/li>\n<\/ul>\n<p>[\/vc_column_text][vc_column_text]<\/p>\n<ul class=\"dlm-downloads\">\n<li>\n<aside class=\"download-arqui-item\">\n<div class=\"download-image-content\">\n<div class=\"download-button-container\"><a class=\"download-button\" title=\"v\u00eda crucis virtual\" href=\"https:\/\/drive.google.com\/file\/d\/1rqeo0Jb1Y49RD43kONXOzY4tINVRz4j5\/view?usp=sharing\" target=\"_blank\" rel=\"nofollow noopener noreferrer\">Descargar Archivo <!--<small><\/small>--><\/a><\/div>\n<\/div>\n<div class=\"download-arqui-item-content\">\n<h4 class=\"download-title\">Bodas de cana\u0301 media carta .pdf<\/h4>\n<\/div>\n<\/aside>\n<\/li>\n<\/ul>\n<p>[\/vc_column_text][vc_column_text]<\/p>\n<ul class=\"dlm-downloads\">\n<li>\n<aside class=\"download-arqui-item\">\n<div class=\"download-image-content\">\n<div class=\"download-button-container\"><a class=\"download-button\" title=\"v\u00eda crucis virtual\" href=\"https:\/\/drive.google.com\/file\/d\/1hnnalRnGHDtlya_2sPymSxG76F8tZxwW\/view?usp=sharing\" target=\"_blank\" rel=\"nofollow noopener noreferrer\">Descargar Archivo <!--<small><\/small>--><\/a><\/div>\n<\/div>\n<div class=\"download-arqui-item-content\">\n<h4 class=\"download-title\">Bodas de cana\u0301 media carta .png<\/h4>\n<\/div>\n<\/aside>\n<\/li>\n<\/ul>\n<p>[\/vc_column_text][vc_column_text]<\/p>\n<ul class=\"dlm-downloads\">\n<li>\n<aside class=\"download-arqui-item\">\n<div class=\"download-image-content\">\n<div class=\"download-button-container\"><a class=\"download-button\" title=\"v\u00eda crucis virtual\" href=\"https:\/\/drive.google.com\/file\/d\/1YvP6VPYhOcBnDVj3hLgQlCcfE_pUbRTM\/view?usp=sharing\" target=\"_blank\" rel=\"nofollow noopener noreferrer\">Descargar Archivo <!--<small><\/small>--><\/a><\/div>\n<\/div>\n<div class=\"download-arqui-item-content\">\n<h4 class=\"download-title\">Bodas de cana\u0301 tabloide .pdf<\/h4>\n<\/div>\n<\/aside>\n<\/li>\n<\/ul>\n<p>[\/vc_column_text][vc_column_text]<\/p>\n<ul class=\"dlm-downloads\">\n<li>\n<aside class=\"download-arqui-item\">\n<div class=\"download-image-content\">\n<div class=\"download-button-container\"><a class=\"download-button\" title=\"v\u00eda crucis virtual\" href=\"https:\/\/drive.google.com\/file\/d\/1kom0hQGGgh9IGCfUGNFw5gT9-XVWzysr\/view?usp=sharing\" target=\"_blank\" rel=\"nofollow noopener noreferrer\">Descargar Archivo <!--<small><\/small>--><\/a><\/div>\n<\/div>\n<div class=\"download-arqui-item-content\">\n<h4 class=\"download-title\">Bodas de cana\u0301 tabloide .png<\/h4>\n<\/div>\n<\/aside>\n<\/li>\n<\/ul>\n<p>[\/vc_column_text][vc_column_text]<\/p>\n<ul class=\"dlm-downloads\">\n<li>\n<aside class=\"download-arqui-item\">\n<div class=\"download-image-content\">\n<div class=\"download-button-container\"><a class=\"download-button\" title=\"v\u00eda crucis virtual\" href=\"https:\/\/drive.google.com\/file\/d\/1kv7EVl7b270AkJvNxpNlQQFx9Tm0jh-R\/view?usp=sharing\" target=\"_blank\" rel=\"nofollow noopener noreferrer\">Descargar Archivo <!--<small><\/small>--><\/a><\/div>\n<\/div>\n<div class=\"download-arqui-item-content\">\n<h4 class=\"download-title\">Foto Oficial Papa Le\u00f3n XIV<\/h4>\n<\/div>\n<\/aside>\n<\/li>\n<\/ul>\n<p>[\/vc_column_text][vc_column_text]<\/p>\n<ul class=\"dlm-downloads\"><li><aside class=\"download-arqui-item\">\n\n\t<div class=\"download-image-content\">\n\t\t<!--<div class=\"download-image\">\n\t\t\t\t<\/div>-->\n\t\t<div class=\"download-button-container\">\n\t\t<a class=\"download-button\" title=\"\" href=\"https:\/\/www.arquidiocesismty.org\/arquimty\/download\/r-i-p-papa-francisco\/\" rel=\"nofollow\">\n\t\t\tDescargar Archivo\t\t\t<!--<small><\/small>-->\n\t\t<\/a>\n\t\t<\/div>\n\t\t<!--<div class=\"download-date\"><?php\/* echo get_the_date(); *\/?><\/div>-->\n\t<\/div>\n\t<div class=\"download-arqui-item-content\">\n\t\t<h4 class=\"download-title\">R.I.P. PAPA FRANCISCO<\/h4>\n\t\t\t<\/div>\n\t<!--<div class=\"download-count\">296 downloads\t<\/div>-->\n\n<\/aside>\n<hr class=\"download-separator\"><\/li><li><aside class=\"download-arqui-item\">\n\n\t<div class=\"download-image-content\">\n\t\t<!--<div class=\"download-image\">\n\t\t\t\t<\/div>-->\n\t\t<div class=\"download-button-container\">\n\t\t<a class=\"download-button\" title=\"\" href=\"https:\/\/www.arquidiocesismty.org\/arquimty\/download\/prologo-san-juan-2025-carta\/\" rel=\"nofollow\">\n\t\t\tDescargar Archivo\t\t\t<!--<small><\/small>-->\n\t\t<\/a>\n\t\t<\/div>\n\t\t<!--<div class=\"download-date\"><?php\/* echo get_the_date(); *\/?><\/div>-->\n\t<\/div>\n\t<div class=\"download-arqui-item-content\">\n\t\t<h4 class=\"download-title\">Pro\u0301logo San Juan 2025 Carta<\/h4>\n\t\t\t<\/div>\n\t<!--<div class=\"download-count\">478 downloads\t<\/div>-->\n\n<\/aside>\n<hr class=\"download-separator\"><\/li><li><aside class=\"download-arqui-item\">\n\n\t<div class=\"download-image-content\">\n\t\t<!--<div class=\"download-image\">\n\t\t\t\t<\/div>-->\n\t\t<div class=\"download-button-container\">\n\t\t<a class=\"download-button\" title=\"\" href=\"https:\/\/www.arquidiocesismty.org\/arquimty\/download\/prologo-san-juan-2025-media-carta\/\" rel=\"nofollow\">\n\t\t\tDescargar Archivo\t\t\t<!--<small><\/small>-->\n\t\t<\/a>\n\t\t<\/div>\n\t\t<!--<div class=\"download-date\"><?php\/* echo get_the_date(); *\/?><\/div>-->\n\t<\/div>\n\t<div class=\"download-arqui-item-content\">\n\t\t<h4 class=\"download-title\">Pro\u0301logo San Juan 2025 Media carta<\/h4>\n\t\t\t<\/div>\n\t<!--<div class=\"download-count\">301 downloads\t<\/div>-->\n\n<\/aside>\n<hr class=\"download-separator\"><\/li><li><aside class=\"download-arqui-item\">\n\n\t<div class=\"download-image-content\">\n\t\t<!--<div class=\"download-image\">\n\t\t\t\t<\/div>-->\n\t\t<div class=\"download-button-container\">\n\t\t<a class=\"download-button\" title=\"\" href=\"https:\/\/www.arquidiocesismty.org\/arquimty\/download\/prologo-san-juan-2025-tabloide\/\" rel=\"nofollow\">\n\t\t\tDescargar Archivo\t\t\t<!--<small><\/small>-->\n\t\t<\/a>\n\t\t<\/div>\n\t\t<!--<div class=\"download-date\"><?php\/* echo get_the_date(); *\/?><\/div>-->\n\t<\/div>\n\t<div class=\"download-arqui-item-content\">\n\t\t<h4 class=\"download-title\">Prologo San Juan 2025 Tabloide<\/h4>\n\t\t\t<\/div>\n\t<!--<div class=\"download-count\">286 downloads\t<\/div>-->\n\n<\/aside>\n<hr class=\"download-separator\"><\/li><li><aside class=\"download-arqui-item\">\n\n\t<div class=\"download-image-content\">\n\t\t<!--<div class=\"download-image\">\n\t\t\t\t<\/div>-->\n\t\t<div class=\"download-button-container\">\n\t\t<a class=\"download-button\" title=\"\" href=\"https:\/\/www.arquidiocesismty.org\/arquimty\/download\/texto-de-san-juan-para-las-misas-dominicales-2024-carta\/\" rel=\"nofollow\">\n\t\t\tDescargar Archivo\t\t\t<!--<small><\/small>-->\n\t\t<\/a>\n\t\t<\/div>\n\t\t<!--<div class=\"download-date\"><?php\/* echo get_the_date(); *\/?><\/div>-->\n\t<\/div>\n\t<div class=\"download-arqui-item-content\">\n\t\t<h4 class=\"download-title\">Texto de San Juan para las misas dominicales 2024 (Carta)<\/h4>\n\t\t\t<\/div>\n\t<!--<div class=\"download-count\">689 downloads\t<\/div>-->\n\n<\/aside>\n<hr class=\"download-separator\"><\/li><li><aside class=\"download-arqui-item\">\n\n\t<div class=\"download-image-content\">\n\t\t<!--<div class=\"download-image\">\n\t\t\t\t<\/div>-->\n\t\t<div class=\"download-button-container\">\n\t\t<a class=\"download-button\" title=\"\" href=\"https:\/\/www.arquidiocesismty.org\/arquimty\/download\/texto-de-san-juan-para-las-misas-dominicales-2024-media-carta\/\" rel=\"nofollow\">\n\t\t\tDescargar Archivo\t\t\t<!--<small><\/small>-->\n\t\t<\/a>\n\t\t<\/div>\n\t\t<!--<div class=\"download-date\"><?php\/* echo get_the_date(); *\/?><\/div>-->\n\t<\/div>\n\t<div class=\"download-arqui-item-content\">\n\t\t<h4 class=\"download-title\">Texto de San Juan para las misas dominicales 2024 (Media Carta)<\/h4>\n\t\t\t<\/div>\n\t<!--<div class=\"download-count\">380 downloads\t<\/div>-->\n\n<\/aside>\n<hr class=\"download-separator\"><\/li><li><aside class=\"download-arqui-item\">\n\n\t<div class=\"download-image-content\">\n\t\t<!--<div class=\"download-image\">\n\t\t\t\t<\/div>-->\n\t\t<div class=\"download-button-container\">\n\t\t<a class=\"download-button\" title=\"\" href=\"https:\/\/www.arquidiocesismty.org\/arquimty\/download\/texto-de-san-juan-para-las-misas-dominicales-2024-tabloide\/\" rel=\"nofollow\">\n\t\t\tDescargar Archivo\t\t\t<!--<small><\/small>-->\n\t\t<\/a>\n\t\t<\/div>\n\t\t<!--<div class=\"download-date\"><?php\/* echo get_the_date(); *\/?><\/div>-->\n\t<\/div>\n\t<div class=\"download-arqui-item-content\">\n\t\t<h4 class=\"download-title\">Texto de San Juan para las misas dominicales 2024 (Tabloide)<\/h4>\n\t\t\t<\/div>\n\t<!--<div class=\"download-count\">407 downloads\t<\/div>-->\n\n<\/aside>\n<hr class=\"download-separator\"><\/li><li><aside class=\"download-arqui-item\">\n\n\t<div class=\"download-image-content\">\n\t\t<!--<div class=\"download-image\">\n\t\t\t\t<\/div>-->\n\t\t<div class=\"download-button-container\">\n\t\t<a class=\"download-button\" title=\"\" href=\"https:\/\/www.arquidiocesismty.org\/arquimty\/download\/plan-de-pastoral-monterrey-2023-2026\/\" rel=\"nofollow\">\n\t\t\tDescargar Archivo\t\t\t<!--<small><\/small>-->\n\t\t<\/a>\n\t\t<\/div>\n\t\t<!--<div class=\"download-date\"><?php\/* echo get_the_date(); *\/?><\/div>-->\n\t<\/div>\n\t<div class=\"download-arqui-item-content\">\n\t\t<h4 class=\"download-title\">Plan de pastoral Monterrey 2023-2026<\/h4>\n\t\t\t<\/div>\n\t<!--<div class=\"download-count\">2736 downloads\t<\/div>-->\n\n<\/aside>\n<hr class=\"download-separator\"><\/li><li><aside class=\"download-arqui-item\">\n\n\t<div class=\"download-image-content\">\n\t\t<!--<div class=\"download-image\">\n\t\t\t\t<\/div>-->\n\t\t<div class=\"download-button-container\">\n\t\t<a class=\"download-button\" title=\"\" href=\"https:\/\/www.arquidiocesismty.org\/arquimty\/download\/ejercicios-espirituales-2023\/\" rel=\"nofollow\">\n\t\t\tDescargar Archivo\t\t\t<!--<small><\/small>-->\n\t\t<\/a>\n\t\t<\/div>\n\t\t<!--<div class=\"download-date\"><?php\/* echo get_the_date(); *\/?><\/div>-->\n\t<\/div>\n\t<div class=\"download-arqui-item-content\">\n\t\t<h4 class=\"download-title\">Ejercicios espirituales 2023<\/h4>\n\t\t\t<\/div>\n\t<!--<div class=\"download-count\">2357 downloads\t<\/div>-->\n\n<\/aside>\n<hr class=\"download-separator\"><\/li><li><aside class=\"download-arqui-item\">\n\n\t<div class=\"download-image-content\">\n\t\t<!--<div class=\"download-image\">\n\t\t\t\t<\/div>-->\n\t\t<div class=\"download-button-container\">\n\t\t<a class=\"download-button\" title=\"\" href=\"https:\/\/www.arquidiocesismty.org\/arquimty\/download\/miercoles-de-ceniza-2023\/\" rel=\"nofollow\">\n\t\t\tDescargar Archivo\t\t\t<!--<small><\/small>-->\n\t\t<\/a>\n\t\t<\/div>\n\t\t<!--<div class=\"download-date\"><?php\/* echo get_the_date(); *\/?><\/div>-->\n\t<\/div>\n\t<div class=\"download-arqui-item-content\">\n\t\t<h4 class=\"download-title\">Mi\u00e9rcoles de Ceniza 2023<\/h4>\n\t\t\t<\/div>\n\t<!--<div class=\"download-count\">1020 downloads\t<\/div>-->\n\n<\/aside>\n<hr class=\"download-separator\"><\/li><li><aside class=\"download-arqui-item\">\n\n\t<div class=\"download-image-content\">\n\t\t<!--<div class=\"download-image\">\n\t\t\t\t<\/div>-->\n\t\t<div class=\"download-button-container\">\n\t\t<a class=\"download-button\" title=\"Version 2.0\" href=\"https:\/\/www.arquidiocesismty.org\/arquimty\/download\/texto-de-san-juan-y-oracion-por-las-vocaciones-para-leer-despues-de-las-misas-dominicales\/\" rel=\"nofollow\">\n\t\t\tDescargar Archivo\t\t\t<!--<small><\/small>-->\n\t\t<\/a>\n\t\t<\/div>\n\t\t<!--<div class=\"download-date\"><?php\/* echo get_the_date(); *\/?><\/div>-->\n\t<\/div>\n\t<div class=\"download-arqui-item-content\">\n\t\t<h4 class=\"download-title\">Texto de San Juan y Oraci\u00f3n por las vocaciones para leer despu\u00e9s de las misas dominicales<\/h4>\n\t\t\t<\/div>\n\t<!--<div class=\"download-count\">866 downloads\t<\/div>-->\n\n<\/aside>\n<hr class=\"download-separator\"><\/li><li><aside class=\"download-arqui-item\">\n\n\t<div class=\"download-image-content\">\n\t\t<!--<div class=\"download-image\">\n\t\t\t\t<\/div>-->\n\t\t<div class=\"download-button-container\">\n\t\t<a class=\"download-button\" title=\"\" href=\"https:\/\/www.arquidiocesismty.org\/arquimty\/download\/texto-de-san-juan-para-leer-despues-de-las-misas-dominicales-carta\/\" rel=\"nofollow\">\n\t\t\tDescargar Archivo\t\t\t<!--<small><\/small>-->\n\t\t<\/a>\n\t\t<\/div>\n\t\t<!--<div class=\"download-date\"><?php\/* echo get_the_date(); *\/?><\/div>-->\n\t<\/div>\n\t<div class=\"download-arqui-item-content\">\n\t\t<h4 class=\"download-title\">Texto de San Juan para leer despu\u00e9s de las misas dominicales. - Carta<\/h4>\n\t\t\t<\/div>\n\t<!--<div class=\"download-count\">578 downloads\t<\/div>-->\n\n<\/aside>\n<hr class=\"download-separator\"><\/li><li><aside class=\"download-arqui-item\">\n\n\t<div class=\"download-image-content\">\n\t\t<!--<div class=\"download-image\">\n\t\t\t\t<\/div>-->\n\t\t<div class=\"download-button-container\">\n\t\t<a class=\"download-button\" title=\"\" href=\"https:\/\/www.arquidiocesismty.org\/arquimty\/download\/texto-de-san-juan-para-leer-despues-de-las-misas-dominicales-media-carta\/\" rel=\"nofollow\">\n\t\t\tDescargar Archivo\t\t\t<!--<small><\/small>-->\n\t\t<\/a>\n\t\t<\/div>\n\t\t<!--<div class=\"download-date\"><?php\/* echo get_the_date(); *\/?><\/div>-->\n\t<\/div>\n\t<div class=\"download-arqui-item-content\">\n\t\t<h4 class=\"download-title\">Texto de San Juan para leer despu\u00e9s de las misas dominicales. - Media Carta<\/h4>\n\t\t\t<\/div>\n\t<!--<div class=\"download-count\">383 downloads\t<\/div>-->\n\n<\/aside>\n<hr class=\"download-separator\"><\/li><li><aside class=\"download-arqui-item\">\n\n\t<div class=\"download-image-content\">\n\t\t<!--<div class=\"download-image\">\n\t\t\t\t<\/div>-->\n\t\t<div class=\"download-button-container\">\n\t\t<a class=\"download-button\" title=\"\" href=\"https:\/\/www.arquidiocesismty.org\/arquimty\/download\/texto-de-san-juan-para-leer-despues-de-las-misas-dominicales-tabloide\/\" rel=\"nofollow\">\n\t\t\tDescargar Archivo\t\t\t<!--<small><\/small>-->\n\t\t<\/a>\n\t\t<\/div>\n\t\t<!--<div class=\"download-date\"><?php\/* echo get_the_date(); *\/?><\/div>-->\n\t<\/div>\n\t<div class=\"download-arqui-item-content\">\n\t\t<h4 class=\"download-title\">Texto de San Juan para leer despu\u00e9s de las misas dominicales. - Tabloide<\/h4>\n\t\t\t<\/div>\n\t<!--<div class=\"download-count\">362 downloads\t<\/div>-->\n\n<\/aside>\n<hr class=\"download-separator\"><\/li><li><aside class=\"download-arqui-item\">\n\n\t<div class=\"download-image-content\">\n\t\t<!--<div class=\"download-image\">\n\t\t\t\t<\/div>-->\n\t\t<div class=\"download-button-container\">\n\t\t<a class=\"download-button\" title=\"Version 2.0\" href=\"https:\/\/www.arquidiocesismty.org\/arquimty\/download\/oracion-por-las-vocaciones-formato-media-carta\/\" rel=\"nofollow\">\n\t\t\tDescargar Archivo\t\t\t<!--<small><\/small>-->\n\t\t<\/a>\n\t\t<\/div>\n\t\t<!--<div class=\"download-date\"><?php\/* echo get_the_date(); *\/?><\/div>-->\n\t<\/div>\n\t<div class=\"download-arqui-item-content\">\n\t\t<h4 class=\"download-title\">Oraci\u00f3n por las vocaciones (formato media carta)<\/h4>\n\t\t\t<\/div>\n\t<!--<div class=\"download-count\">638 downloads\t<\/div>-->\n\n<\/aside>\n<hr class=\"download-separator\"><\/li><li><aside class=\"download-arqui-item\">\n\n\t<div class=\"download-image-content\">\n\t\t<!--<div class=\"download-image\">\n\t\t\t\t<\/div>-->\n\t\t<div class=\"download-button-container\">\n\t\t<a class=\"download-button\" title=\"Version 2.0\" href=\"https:\/\/www.arquidiocesismty.org\/arquimty\/download\/oracion-por-las-vocaciones-formato-carta\/\" rel=\"nofollow\">\n\t\t\tDescargar Archivo\t\t\t<!--<small><\/small>-->\n\t\t<\/a>\n\t\t<\/div>\n\t\t<!--<div class=\"download-date\"><?php\/* echo get_the_date(); *\/?><\/div>-->\n\t<\/div>\n\t<div class=\"download-arqui-item-content\">\n\t\t<h4 class=\"download-title\">Oraci\u00f3n por las vocaciones (formato carta)<\/h4>\n\t\t\t<\/div>\n\t<!--<div class=\"download-count\">675 downloads\t<\/div>-->\n\n<\/aside>\n<hr class=\"download-separator\"><\/li><li><aside class=\"download-arqui-item\">\n\n\t<div class=\"download-image-content\">\n\t\t<!--<div class=\"download-image\">\n\t\t\t\t<\/div>-->\n\t\t<div class=\"download-button-container\">\n\t\t<a class=\"download-button\" title=\"Version 2.0\" href=\"https:\/\/www.arquidiocesismty.org\/arquimty\/download\/oracion-por-las-vocaciones-formato-tabloide\/\" rel=\"nofollow\">\n\t\t\tDescargar Archivo\t\t\t<!--<small><\/small>-->\n\t\t<\/a>\n\t\t<\/div>\n\t\t<!--<div class=\"download-date\"><?php\/* echo get_the_date(); *\/?><\/div>-->\n\t<\/div>\n\t<div class=\"download-arqui-item-content\">\n\t\t<h4 class=\"download-title\">Oraci\u00f3n por las vocaciones (formato tabloide)<\/h4>\n\t\t\t<\/div>\n\t<!--<div class=\"download-count\">559 downloads\t<\/div>-->\n\n<\/aside>\n<hr class=\"download-separator\"><\/li><li><aside class=\"download-arqui-item\">\n\n\t<div class=\"download-image-content\">\n\t\t<!--<div class=\"download-image\">\n\t\t\t\t<\/div>-->\n\t\t<div class=\"download-button-container\">\n\t\t<a class=\"download-button\" title=\"\" href=\"https:\/\/www.arquidiocesismty.org\/arquimty\/download\/recuerdo-de-los-fieles-difuntos\/\" rel=\"nofollow\">\n\t\t\tDescargar Archivo\t\t\t<!--<small><\/small>-->\n\t\t<\/a>\n\t\t<\/div>\n\t\t<!--<div class=\"download-date\"><?php\/* echo get_the_date(); *\/?><\/div>-->\n\t<\/div>\n\t<div class=\"download-arqui-item-content\">\n\t\t<h4 class=\"download-title\">Recuerdo de Los Fieles Difuntos<\/h4>\n\t\t\t<\/div>\n\t<!--<div class=\"download-count\">600 downloads\t<\/div>-->\n\n<\/aside>\n<hr class=\"download-separator\"><\/li><li><aside class=\"download-arqui-item\">\n\n\t<div class=\"download-image-content\">\n\t\t<!--<div class=\"download-image\">\n\t\t\t\t<\/div>-->\n\t\t<div class=\"download-button-container\">\n\t\t<a class=\"download-button\" title=\"\" href=\"https:\/\/www.arquidiocesismty.org\/arquimty\/download\/ejercicios-cuaresmales-2022\/\" rel=\"nofollow\">\n\t\t\tDescargar Archivo\t\t\t<!--<small><\/small>-->\n\t\t<\/a>\n\t\t<\/div>\n\t\t<!--<div class=\"download-date\"><?php\/* echo get_the_date(); *\/?><\/div>-->\n\t<\/div>\n\t<div class=\"download-arqui-item-content\">\n\t\t<h4 class=\"download-title\">Ejercicios Cuaresmales 2022<\/h4>\n\t\t\t<\/div>\n\t<!--<div class=\"download-count\">2100 downloads\t<\/div>-->\n\n<\/aside>\n<hr class=\"download-separator\"><\/li><li><aside class=\"download-arqui-item\">\n\n\t<div class=\"download-image-content\">\n\t\t<!--<div class=\"download-image\">\n\t\t\t\t<\/div>-->\n\t\t<div class=\"download-button-container\">\n\t\t<a class=\"download-button\" title=\"\" href=\"https:\/\/www.arquidiocesismty.org\/arquimty\/download\/texto-para-leer-despues-de-las-misas-dominicales-2022-carta\/\" rel=\"nofollow\">\n\t\t\tDescargar Archivo\t\t\t<!--<small><\/small>-->\n\t\t<\/a>\n\t\t<\/div>\n\t\t<!--<div class=\"download-date\"><?php\/* echo get_the_date(); *\/?><\/div>-->\n\t<\/div>\n\t<div class=\"download-arqui-item-content\">\n\t\t<h4 class=\"download-title\">Texto para leer despu\u00e9s de las misas dominicales 2022 (Carta)<\/h4>\n\t\t\t<\/div>\n\t<!--<div class=\"download-count\">1859 downloads\t<\/div>-->\n\n<\/aside>\n<hr class=\"download-separator\"><\/li><li><aside class=\"download-arqui-item\">\n\n\t<div class=\"download-image-content\">\n\t\t<!--<div class=\"download-image\">\n\t\t\t\t<\/div>-->\n\t\t<div class=\"download-button-container\">\n\t\t<a class=\"download-button\" title=\"\" href=\"https:\/\/www.arquidiocesismty.org\/arquimty\/download\/texto-para-leer-despues-de-las-misas-dominicales-2022-media-carta\/\" rel=\"nofollow\">\n\t\t\tDescargar Archivo\t\t\t<!--<small><\/small>-->\n\t\t<\/a>\n\t\t<\/div>\n\t\t<!--<div class=\"download-date\"><?php\/* echo get_the_date(); *\/?><\/div>-->\n\t<\/div>\n\t<div class=\"download-arqui-item-content\">\n\t\t<h4 class=\"download-title\">Texto para leer despu\u00e9s de las misas dominicales 2022 (Media Carta)<\/h4>\n\t\t\t<\/div>\n\t<!--<div class=\"download-count\">1271 downloads\t<\/div>-->\n\n<\/aside>\n<hr class=\"download-separator\"><\/li><li><aside class=\"download-arqui-item\">\n\n\t<div class=\"download-image-content\">\n\t\t<!--<div class=\"download-image\">\n\t\t\t\t<\/div>-->\n\t\t<div class=\"download-button-container\">\n\t\t<a class=\"download-button\" title=\"\" href=\"https:\/\/www.arquidiocesismty.org\/arquimty\/download\/texto-para-leer-despues-de-las-misas-dominicales-2022-tabloide\/\" rel=\"nofollow\">\n\t\t\tDescargar Archivo\t\t\t<!--<small><\/small>-->\n\t\t<\/a>\n\t\t<\/div>\n\t\t<!--<div class=\"download-date\"><?php\/* echo get_the_date(); *\/?><\/div>-->\n\t<\/div>\n\t<div class=\"download-arqui-item-content\">\n\t\t<h4 class=\"download-title\">Texto para leer despu\u00e9s de las misas dominicales 2022 (Tabloide)<\/h4>\n\t\t\t<\/div>\n\t<!--<div class=\"download-count\">799 downloads\t<\/div>-->\n\n<\/aside>\n<hr class=\"download-separator\"><\/li><li><aside class=\"download-arqui-item\">\n\n\t<div class=\"download-image-content\">\n\t\t<!--<div class=\"download-image\">\n\t\t\t\t<\/div>-->\n\t\t<div class=\"download-button-container\">\n\t\t<a class=\"download-button\" title=\"\" href=\"https:\/\/www.arquidiocesismty.org\/arquimty\/download\/instruccion-pastoral-por-una-sinodalidad-politica\/\" rel=\"nofollow\">\n\t\t\tDescargar Archivo\t\t\t<!--<small><\/small>-->\n\t\t<\/a>\n\t\t<\/div>\n\t\t<!--<div class=\"download-date\"><?php\/* echo get_the_date(); *\/?><\/div>-->\n\t<\/div>\n\t<div class=\"download-arqui-item-content\">\n\t\t<h4 class=\"download-title\">Instrucci\u00f3n pastoral: Por una sinodalidad pol\u00edtica<\/h4>\n\t\t\t<\/div>\n\t<!--<div class=\"download-count\">1393 downloads\t<\/div>-->\n\n<\/aside>\n<hr class=\"download-separator\"><\/li><li><aside class=\"download-arqui-item\">\n\n\t<div class=\"download-image-content\">\n\t\t<!--<div class=\"download-image\">\n\t\t\t\t<\/div>-->\n\t\t<div class=\"download-button-container\">\n\t\t<a class=\"download-button\" title=\"\" href=\"https:\/\/www.arquidiocesismty.org\/arquimty\/download\/ejercicios-espirituales-de-cuaresma-2021\/\" rel=\"nofollow\">\n\t\t\tDescargar Archivo\t\t\t<!--<small><\/small>-->\n\t\t<\/a>\n\t\t<\/div>\n\t\t<!--<div class=\"download-date\"><?php\/* echo get_the_date(); *\/?><\/div>-->\n\t<\/div>\n\t<div class=\"download-arqui-item-content\">\n\t\t<h4 class=\"download-title\">Ejercicios espirituales de cuaresma 2021<\/h4>\n\t\t\t<\/div>\n\t<!--<div class=\"download-count\">2175 downloads\t<\/div>-->\n\n<\/aside>\n<hr class=\"download-separator\"><\/li><li><aside class=\"download-arqui-item\">\n\n\t<div class=\"download-image-content\">\n\t\t<!--<div class=\"download-image\">\n\t\t\t\t<\/div>-->\n\t\t<div class=\"download-button-container\">\n\t\t<a class=\"download-button\" title=\"\" href=\"https:\/\/www.arquidiocesismty.org\/arquimty\/download\/oracion-del-papa-francisco-a-san-jose\/\" rel=\"nofollow\">\n\t\t\tDescargar Archivo\t\t\t<!--<small><\/small>-->\n\t\t<\/a>\n\t\t<\/div>\n\t\t<!--<div class=\"download-date\"><?php\/* echo get_the_date(); *\/?><\/div>-->\n\t<\/div>\n\t<div class=\"download-arqui-item-content\">\n\t\t<h4 class=\"download-title\">Oraci\u00f3n del Papa Francisco a San Jos\u00e9<\/h4>\n\t\t\t<\/div>\n\t<!--<div class=\"download-count\">2076 downloads\t<\/div>-->\n\n<\/aside>\n<hr class=\"download-separator\"><\/li><li><aside class=\"download-arqui-item\">\n\n\t<div class=\"download-image-content\">\n\t\t<!--<div class=\"download-image\">\n\t\t\t\t<\/div>-->\n\t\t<div class=\"download-button-container\">\n\t\t<a class=\"download-button\" title=\"\" href=\"https:\/\/www.arquidiocesismty.org\/arquimty\/download\/texto-para-la-lectura-despues-de-la-misa-ano-2021-tabloide\/\" rel=\"nofollow\">\n\t\t\tDescargar Archivo\t\t\t<!--<small><\/small>-->\n\t\t<\/a>\n\t\t<\/div>\n\t\t<!--<div class=\"download-date\"><?php\/* echo get_the_date(); *\/?><\/div>-->\n\t<\/div>\n\t<div class=\"download-arqui-item-content\">\n\t\t<h4 class=\"download-title\">Texto para la lectura despu\u00e9s de la misa a\u00f1o 2021 (Tabloide)<\/h4>\n\t\t\t<\/div>\n\t<!--<div class=\"download-count\">1014 downloads\t<\/div>-->\n\n<\/aside>\n<hr class=\"download-separator\"><\/li><li><aside class=\"download-arqui-item\">\n\n\t<div class=\"download-image-content\">\n\t\t<!--<div class=\"download-image\">\n\t\t\t\t<\/div>-->\n\t\t<div class=\"download-button-container\">\n\t\t<a class=\"download-button\" title=\"\" href=\"https:\/\/www.arquidiocesismty.org\/arquimty\/download\/texto-para-la-lectura-despues-de-la-misa-ano-2021-media-carta\/\" rel=\"nofollow\">\n\t\t\tDescargar Archivo\t\t\t<!--<small><\/small>-->\n\t\t<\/a>\n\t\t<\/div>\n\t\t<!--<div class=\"download-date\"><?php\/* echo get_the_date(); *\/?><\/div>-->\n\t<\/div>\n\t<div class=\"download-arqui-item-content\">\n\t\t<h4 class=\"download-title\">Texto para la lectura despu\u00e9s de la misa a\u00f1o 2021 (Media Carta)<\/h4>\n\t\t\t<\/div>\n\t<!--<div class=\"download-count\">1028 downloads\t<\/div>-->\n\n<\/aside>\n<hr class=\"download-separator\"><\/li><li><aside class=\"download-arqui-item\">\n\n\t<div class=\"download-image-content\">\n\t\t<!--<div class=\"download-image\">\n\t\t\t\t<\/div>-->\n\t\t<div class=\"download-button-container\">\n\t\t<a class=\"download-button\" title=\"\" href=\"https:\/\/www.arquidiocesismty.org\/arquimty\/download\/texto-para-la-lectura-despues-de-la-misa-ano-2021-carta\/\" rel=\"nofollow\">\n\t\t\tDescargar Archivo\t\t\t<!--<small><\/small>-->\n\t\t<\/a>\n\t\t<\/div>\n\t\t<!--<div class=\"download-date\"><?php\/* echo get_the_date(); *\/?><\/div>-->\n\t<\/div>\n\t<div class=\"download-arqui-item-content\">\n\t\t<h4 class=\"download-title\">Texto para la lectura despu\u00e9s de la misa a\u00f1o 2021 (Carta)<\/h4>\n\t\t\t<\/div>\n\t<!--<div class=\"download-count\">1206 downloads\t<\/div>-->\n\n<\/aside>\n<hr class=\"download-separator\"><\/li><li><aside class=\"download-arqui-item\">\n\n\t<div class=\"download-image-content\">\n\t\t<!--<div class=\"download-image\">\n\t\t\t\t<\/div>-->\n\t\t<div class=\"download-button-container\">\n\t\t<a class=\"download-button\" title=\"\" href=\"https:\/\/www.arquidiocesismty.org\/arquimty\/download\/devocionario-de-san-jose\/\" rel=\"nofollow\">\n\t\t\tDescargar Archivo\t\t\t<!--<small><\/small>-->\n\t\t<\/a>\n\t\t<\/div>\n\t\t<!--<div class=\"download-date\"><?php\/* echo get_the_date(); *\/?><\/div>-->\n\t<\/div>\n\t<div class=\"download-arqui-item-content\">\n\t\t<h4 class=\"download-title\">DEVOCIONARIO DE SAN JOS\u00c9<\/h4>\n\t\t\t<\/div>\n\t<!--<div class=\"download-count\">1857 downloads\t<\/div>-->\n\n<\/aside>\n<hr class=\"download-separator\"><\/li><li><aside class=\"download-arqui-item\">\n\n\t<div class=\"download-image-content\">\n\t\t<!--<div class=\"download-image\">\n\t\t\t\t<\/div>-->\n\t\t<div class=\"download-button-container\">\n\t\t<a class=\"download-button\" title=\"\" href=\"https:\/\/www.arquidiocesismty.org\/arquimty\/download\/indulgencias-por-la-pandemia-2020\/\" rel=\"nofollow\">\n\t\t\tDescargar Archivo\t\t\t<!--<small><\/small>-->\n\t\t<\/a>\n\t\t<\/div>\n\t\t<!--<div class=\"download-date\"><?php\/* echo get_the_date(); *\/?><\/div>-->\n\t<\/div>\n\t<div class=\"download-arqui-item-content\">\n\t\t<h4 class=\"download-title\">INDULGENCIAS POR LA PANDEMIA 2020<\/h4>\n\t\t\t<\/div>\n\t<!--<div class=\"download-count\">994 downloads\t<\/div>-->\n\n<\/aside>\n<hr class=\"download-separator\"><\/li><li><aside class=\"download-arqui-item\">\n\n\t<div class=\"download-image-content\">\n\t\t<!--<div class=\"download-image\">\n\t\t\t\t<\/div>-->\n\t\t<div class=\"download-button-container\">\n\t\t<a class=\"download-button\" title=\"\" href=\"https:\/\/www.arquidiocesismty.org\/arquimty\/download\/lecturas-de-la-misa-appostolica-qr\/\" rel=\"nofollow\">\n\t\t\tDescargar Archivo\t\t\t<!--<small><\/small>-->\n\t\t<\/a>\n\t\t<\/div>\n\t\t<!--<div class=\"download-date\"><?php\/* echo get_the_date(); *\/?><\/div>-->\n\t<\/div>\n\t<div class=\"download-arqui-item-content\">\n\t\t<h4 class=\"download-title\">Lecturas de la Misa - Appostolica QR<\/h4>\n\t\t\t<\/div>\n\t<!--<div class=\"download-count\">1593 downloads\t<\/div>-->\n\n<\/aside>\n<hr class=\"download-separator\"><\/li><li><aside class=\"download-arqui-item\">\n\n\t<div class=\"download-image-content\">\n\t\t<!--<div class=\"download-image\">\n\t\t\t\t<\/div>-->\n\t\t<div class=\"download-button-container\">\n\t\t<a class=\"download-button\" title=\"\" href=\"https:\/\/www.arquidiocesismty.org\/arquimty\/download\/solemnidad-del-corpus-et-sanguinis-christi-2020\/\" rel=\"nofollow\">\n\t\t\tDescargar Archivo\t\t\t<!--<small><\/small>-->\n\t\t<\/a>\n\t\t<\/div>\n\t\t<!--<div class=\"download-date\"><?php\/* echo get_the_date(); *\/?><\/div>-->\n\t<\/div>\n\t<div class=\"download-arqui-item-content\">\n\t\t<h4 class=\"download-title\">SOLEMNIDAD DEL  CORPUS ET SANGUINIS CHRISTI - 2020<\/h4>\n\t\t\t<\/div>\n\t<!--<div class=\"download-count\">737 downloads\t<\/div>-->\n\n<\/aside>\n<hr class=\"download-separator\"><\/li><li><aside class=\"download-arqui-item\">\n\n\t<div class=\"download-image-content\">\n\t\t<!--<div class=\"download-image\">\n\t\t\t\t<\/div>-->\n\t\t<div class=\"download-button-container\">\n\t\t<a class=\"download-button\" title=\"\" href=\"https:\/\/www.arquidiocesismty.org\/arquimty\/download\/manual-de-semana-santa-para-celebrarlo-en-familia-2\/\" rel=\"nofollow\">\n\t\t\tDescargar Archivo\t\t\t<!--<small><\/small>-->\n\t\t<\/a>\n\t\t<\/div>\n\t\t<!--<div class=\"download-date\"><?php\/* echo get_the_date(); *\/?><\/div>-->\n\t<\/div>\n\t<div class=\"download-arqui-item-content\">\n\t\t<h4 class=\"download-title\">Manual de Semana Santa para celebrarlo en familia<\/h4>\n\t\t\t<\/div>\n\t<!--<div class=\"download-count\">5213 downloads\t<\/div>-->\n\n<\/aside>\n<hr class=\"download-separator\"><\/li><li><aside class=\"download-arqui-item\">\n\n\t<div class=\"download-image-content\">\n\t\t<!--<div class=\"download-image\">\n\t\t\t\t<\/div>-->\n\t\t<div class=\"download-button-container\">\n\t\t<a class=\"download-button\" title=\"\" href=\"https:\/\/www.arquidiocesismty.org\/arquimty\/download\/semana-santa-2020-ciclo-en-espera-de-poder-hacer-visible-nuestra-asamblea\/\" rel=\"nofollow\">\n\t\t\tDescargar Archivo\t\t\t<!--<small><\/small>-->\n\t\t<\/a>\n\t\t<\/div>\n\t\t<!--<div class=\"download-date\"><?php\/* echo get_the_date(); *\/?><\/div>-->\n\t<\/div>\n\t<div class=\"download-arqui-item-content\">\n\t\t<h4 class=\"download-title\">SEMANA SANTA 2020 - En espera de poder hacer visible nuestra Asamblea<\/h4>\n\t\t\t<\/div>\n\t<!--<div class=\"download-count\">911 downloads\t<\/div>-->\n\n<\/aside>\n<hr class=\"download-separator\"><\/li><li><aside class=\"download-arqui-item\">\n\n\t<div class=\"download-image-content\">\n\t\t<!--<div class=\"download-image\">\n\t\t\t\t<\/div>-->\n\t\t<div class=\"download-button-container\">\n\t\t<a class=\"download-button\" title=\"\" href=\"https:\/\/www.arquidiocesismty.org\/arquimty\/download\/decreto-en-tiempo-de-covid-19\/\" rel=\"nofollow\">\n\t\t\tDescargar Archivo\t\t\t<!--<small><\/small>-->\n\t\t<\/a>\n\t\t<\/div>\n\t\t<!--<div class=\"download-date\"><?php\/* echo get_the_date(); *\/?><\/div>-->\n\t<\/div>\n\t<div class=\"download-arqui-item-content\">\n\t\t<h4 class=\"download-title\">DECRETO En tiempo de Covid-19<\/h4>\n\t\t\t<\/div>\n\t<!--<div class=\"download-count\">918 downloads\t<\/div>-->\n\n<\/aside>\n<hr class=\"download-separator\"><\/li><li><aside class=\"download-arqui-item\">\n\n\t<div class=\"download-image-content\">\n\t\t<!--<div class=\"download-image\">\n\t\t\t\t<\/div>-->\n\t\t<div class=\"download-button-container\">\n\t\t<a class=\"download-button\" title=\"\" href=\"https:\/\/www.arquidiocesismty.org\/arquimty\/download\/oracion-del-papa-por-covid-19-carta\/\" rel=\"nofollow\">\n\t\t\tDescargar Archivo\t\t\t<!--<small><\/small>-->\n\t\t<\/a>\n\t\t<\/div>\n\t\t<!--<div class=\"download-date\"><?php\/* echo get_the_date(); *\/?><\/div>-->\n\t<\/div>\n\t<div class=\"download-arqui-item-content\">\n\t\t<h4 class=\"download-title\">Oraci\u00f3n del Papa por COVID-19 (carta)<\/h4>\n\t\t\t<\/div>\n\t<!--<div class=\"download-count\">875 downloads\t<\/div>-->\n\n<\/aside>\n<hr class=\"download-separator\"><\/li><li><aside class=\"download-arqui-item\">\n\n\t<div class=\"download-image-content\">\n\t\t<!--<div class=\"download-image\">\n\t\t\t\t<\/div>-->\n\t\t<div class=\"download-button-container\">\n\t\t<a class=\"download-button\" title=\"\" href=\"https:\/\/www.arquidiocesismty.org\/arquimty\/download\/oracion-del-papa-por-covid-19-media-carta\/\" rel=\"nofollow\">\n\t\t\tDescargar Archivo\t\t\t<!--<small><\/small>-->\n\t\t<\/a>\n\t\t<\/div>\n\t\t<!--<div class=\"download-date\"><?php\/* echo get_the_date(); *\/?><\/div>-->\n\t<\/div>\n\t<div class=\"download-arqui-item-content\">\n\t\t<h4 class=\"download-title\">Oraci\u00f3n del Papa por COVID-19 (media carta)<\/h4>\n\t\t\t<\/div>\n\t<!--<div class=\"download-count\">820 downloads\t<\/div>-->\n\n<\/aside>\n<hr class=\"download-separator\"><\/li><li><aside class=\"download-arqui-item\">\n\n\t<div class=\"download-image-content\">\n\t\t<!--<div class=\"download-image\">\n\t\t\t\t<\/div>-->\n\t\t<div class=\"download-button-container\">\n\t\t<a class=\"download-button\" title=\"\" href=\"https:\/\/www.arquidiocesismty.org\/arquimty\/download\/oracion-del-papa-por-covid-19-tabloide\/\" rel=\"nofollow\">\n\t\t\tDescargar Archivo\t\t\t<!--<small><\/small>-->\n\t\t<\/a>\n\t\t<\/div>\n\t\t<!--<div class=\"download-date\"><?php\/* echo get_the_date(); *\/?><\/div>-->\n\t<\/div>\n\t<div class=\"download-arqui-item-content\">\n\t\t<h4 class=\"download-title\">Oraci\u00f3n del Papa por COVID-19 (TABLOIDE)<\/h4>\n\t\t\t<\/div>\n\t<!--<div class=\"download-count\">705 downloads\t<\/div>-->\n\n<\/aside>\n<hr class=\"download-separator\"><\/li><li><aside class=\"download-arqui-item\">\n\n\t<div class=\"download-image-content\">\n\t\t<!--<div class=\"download-image\">\n\t\t\t\t<\/div>-->\n\t\t<div class=\"download-button-container\">\n\t\t<a class=\"download-button\" title=\"\" href=\"https:\/\/www.arquidiocesismty.org\/arquimty\/download\/ejercicios-espirituales-2020\/\" rel=\"nofollow\">\n\t\t\tDescargar Archivo\t\t\t<!--<small><\/small>-->\n\t\t<\/a>\n\t\t<\/div>\n\t\t<!--<div class=\"download-date\"><?php\/* echo get_the_date(); *\/?><\/div>-->\n\t<\/div>\n\t<div class=\"download-arqui-item-content\">\n\t\t<h4 class=\"download-title\">Ejercicios Espirituales 2020<\/h4>\n\t\t\t<\/div>\n\t<!--<div class=\"download-count\">1919 downloads\t<\/div>-->\n\n<\/aside>\n<hr class=\"download-separator\"><\/li><li><aside class=\"download-arqui-item\">\n\n\t<div class=\"download-image-content\">\n\t\t<!--<div class=\"download-image\">\n\t\t\t\t<\/div>-->\n\t\t<div class=\"download-button-container\">\n\t\t<a class=\"download-button\" title=\"\" href=\"https:\/\/www.arquidiocesismty.org\/arquimty\/download\/miercoles-de-ceniza-2020\/\" rel=\"nofollow\">\n\t\t\tDescargar Archivo\t\t\t<!--<small><\/small>-->\n\t\t<\/a>\n\t\t<\/div>\n\t\t<!--<div class=\"download-date\"><?php\/* echo get_the_date(); *\/?><\/div>-->\n\t<\/div>\n\t<div class=\"download-arqui-item-content\">\n\t\t<h4 class=\"download-title\">MI\u00c9RCOLES DE CENIZA 2020<\/h4>\n\t\t\t<\/div>\n\t<!--<div class=\"download-count\">1098 downloads\t<\/div>-->\n\n<\/aside>\n<hr class=\"download-separator\"><\/li><li><aside class=\"download-arqui-item\">\n\n\t<div class=\"download-image-content\">\n\t\t<!--<div class=\"download-image\">\n\t\t\t\t<\/div>-->\n\t\t<div class=\"download-button-container\">\n\t\t<a class=\"download-button\" title=\"\" href=\"https:\/\/www.arquidiocesismty.org\/arquimty\/download\/evangelio-del-iii-domingo-del-to\/\" rel=\"nofollow\">\n\t\t\tDescargar Archivo\t\t\t<!--<small><\/small>-->\n\t\t<\/a>\n\t\t<\/div>\n\t\t<!--<div class=\"download-date\"><?php\/* echo get_the_date(); *\/?><\/div>-->\n\t<\/div>\n\t<div class=\"download-arqui-item-content\">\n\t\t<h4 class=\"download-title\">Evangelio del III Domingo del TO<\/h4>\n\t\t\t<\/div>\n\t<!--<div class=\"download-count\">960 downloads\t<\/div>-->\n\n<\/aside>\n<hr class=\"download-separator\"><\/li><li><aside class=\"download-arqui-item\">\n\n\t<div class=\"download-image-content\">\n\t\t<!--<div class=\"download-image\">\n\t\t\t\t<\/div>-->\n\t\t<div class=\"download-button-container\">\n\t\t<a class=\"download-button\" title=\"\" href=\"https:\/\/www.arquidiocesismty.org\/arquimty\/download\/titulo-texto-de-san-juan-para-los-domingos-de-2020-tamano-carta\/\" rel=\"nofollow\">\n\t\t\tDescargar Archivo\t\t\t<!--<small><\/small>-->\n\t\t<\/a>\n\t\t<\/div>\n\t\t<!--<div class=\"download-date\"><?php\/* echo get_the_date(); *\/?><\/div>-->\n\t<\/div>\n\t<div class=\"download-arqui-item-content\">\n\t\t<h4 class=\"download-title\">T\u00edtulo: Texto de San Juan para los domingos de 2020 - tama\u00f1o carta<\/h4>\n\t\t\t<\/div>\n\t<!--<div class=\"download-count\">1264 downloads\t<\/div>-->\n\n<\/aside>\n<hr class=\"download-separator\"><\/li><li><aside class=\"download-arqui-item\">\n\n\t<div class=\"download-image-content\">\n\t\t<!--<div class=\"download-image\">\n\t\t\t\t<\/div>-->\n\t\t<div class=\"download-button-container\">\n\t\t<a class=\"download-button\" title=\"\" href=\"https:\/\/www.arquidiocesismty.org\/arquimty\/download\/texto-de-san-juan-para-los-domingos-de-2020-tamano-media-carta\/\" rel=\"nofollow\">\n\t\t\tDescargar Archivo\t\t\t<!--<small><\/small>-->\n\t\t<\/a>\n\t\t<\/div>\n\t\t<!--<div class=\"download-date\"><?php\/* echo get_the_date(); *\/?><\/div>-->\n\t<\/div>\n\t<div class=\"download-arqui-item-content\">\n\t\t<h4 class=\"download-title\">Texto de San Juan para los domingos de 2020 - tama\u00f1o media carta<\/h4>\n\t\t\t<\/div>\n\t<!--<div class=\"download-count\">917 downloads\t<\/div>-->\n\n<\/aside>\n<hr class=\"download-separator\"><\/li><li><aside class=\"download-arqui-item\">\n\n\t<div class=\"download-image-content\">\n\t\t<!--<div class=\"download-image\">\n\t\t\t\t<\/div>-->\n\t\t<div class=\"download-button-container\">\n\t\t<a class=\"download-button\" title=\"\" href=\"https:\/\/www.arquidiocesismty.org\/arquimty\/download\/oracion-octubre-media-carta\/\" rel=\"nofollow\">\n\t\t\tDescargar Archivo\t\t\t<!--<small><\/small>-->\n\t\t<\/a>\n\t\t<\/div>\n\t\t<!--<div class=\"download-date\"><?php\/* echo get_the_date(); *\/?><\/div>-->\n\t<\/div>\n\t<div class=\"download-arqui-item-content\">\n\t\t<h4 class=\"download-title\">Oraci\u00f3n octubre media carta<\/h4>\n\t\t\t<\/div>\n\t<!--<div class=\"download-count\">1484 downloads\t<\/div>-->\n\n<\/aside>\n<hr class=\"download-separator\"><\/li><li><aside class=\"download-arqui-item\">\n\n\t<div class=\"download-image-content\">\n\t\t<!--<div class=\"download-image\">\n\t\t\t\t<\/div>-->\n\t\t<div class=\"download-button-container\">\n\t\t<a class=\"download-button\" title=\"\" href=\"https:\/\/www.arquidiocesismty.org\/arquimty\/download\/raciono-octubre-carta\/\" rel=\"nofollow\">\n\t\t\tDescargar Archivo\t\t\t<!--<small><\/small>-->\n\t\t<\/a>\n\t\t<\/div>\n\t\t<!--<div class=\"download-date\"><?php\/* echo get_the_date(); *\/?><\/div>-->\n\t<\/div>\n\t<div class=\"download-arqui-item-content\">\n\t\t<h4 class=\"download-title\">Oraci\u00f3n Octubre carta<\/h4>\n\t\t\t<\/div>\n\t<!--<div class=\"download-count\">1360 downloads\t<\/div>-->\n\n<\/aside>\n<hr class=\"download-separator\"><\/li><li><aside class=\"download-arqui-item\">\n\n\t<div class=\"download-image-content\">\n\t\t<!--<div class=\"download-image\">\n\t\t\t\t<\/div>-->\n\t\t<div class=\"download-button-container\">\n\t\t<a class=\"download-button\" title=\"\" href=\"https:\/\/www.arquidiocesismty.org\/arquimty\/download\/ejercicios-espirituales-de-cuaresma-2019\/\" rel=\"nofollow\">\n\t\t\tDescargar Archivo\t\t\t<!--<small><\/small>-->\n\t\t<\/a>\n\t\t<\/div>\n\t\t<!--<div class=\"download-date\"><?php\/* echo get_the_date(); *\/?><\/div>-->\n\t<\/div>\n\t<div class=\"download-arqui-item-content\">\n\t\t<h4 class=\"download-title\">Ejercicios Espirituales de Cuaresma 2019<\/h4>\n\t\t\t<\/div>\n\t<!--<div class=\"download-count\">2202 downloads\t<\/div>-->\n\n<\/aside>\n<hr class=\"download-separator\"><\/li><li><aside class=\"download-arqui-item\">\n\n\t<div class=\"download-image-content\">\n\t\t<!--<div class=\"download-image\">\n\t\t\t\t<\/div>-->\n\t\t<div class=\"download-button-container\">\n\t\t<a class=\"download-button\" title=\"\" href=\"https:\/\/www.arquidiocesismty.org\/arquimty\/download\/plan-de-pastoral-organica-2019\/\" rel=\"nofollow\">\n\t\t\tDescargar Archivo\t\t\t<!--<small><\/small>-->\n\t\t<\/a>\n\t\t<\/div>\n\t\t<!--<div class=\"download-date\"><?php\/* echo get_the_date(); *\/?><\/div>-->\n\t<\/div>\n\t<div class=\"download-arqui-item-content\">\n\t\t<h4 class=\"download-title\">Plan de Pastoral Org\u00e1nica Pobreza y Solidaridad, 2019<\/h4>\n\t\t\t<\/div>\n\t<!--<div class=\"download-count\">5030 downloads\t<\/div>-->\n\n<\/aside>\n<hr class=\"download-separator\"><\/li><li><aside class=\"download-arqui-item\">\n\n\t<div class=\"download-image-content\">\n\t\t<!--<div class=\"download-image\">\n\t\t\t\t<\/div>-->\n\t\t<div class=\"download-button-container\">\n\t\t<a class=\"download-button\" title=\"\" href=\"https:\/\/www.arquidiocesismty.org\/arquimty\/download\/texto-san-juan-la-uncion-de-betania-lona\/\" rel=\"nofollow\">\n\t\t\tDescargar Archivo\t\t\t<!--<small><\/small>-->\n\t\t<\/a>\n\t\t<\/div>\n\t\t<!--<div class=\"download-date\"><?php\/* echo get_the_date(); *\/?><\/div>-->\n\t<\/div>\n\t<div class=\"download-arqui-item-content\">\n\t\t<h4 class=\"download-title\">Texto San Juan, LA UNCI\u00d3N DE BETANIA (LONA)<\/h4>\n\t\t\t<\/div>\n\t<!--<div class=\"download-count\">1013 downloads\t<\/div>-->\n\n<\/aside>\n<hr class=\"download-separator\"><\/li><li><aside class=\"download-arqui-item\">\n\n\t<div class=\"download-image-content\">\n\t\t<!--<div class=\"download-image\">\n\t\t\t\t<\/div>-->\n\t\t<div class=\"download-button-container\">\n\t\t<a class=\"download-button\" title=\"\" href=\"https:\/\/www.arquidiocesismty.org\/arquimty\/download\/texto-san-juan-la-uncion-de-betania-carta\/\" rel=\"nofollow\">\n\t\t\tDescargar Archivo\t\t\t<!--<small><\/small>-->\n\t\t<\/a>\n\t\t<\/div>\n\t\t<!--<div class=\"download-date\"><?php\/* echo get_the_date(); *\/?><\/div>-->\n\t<\/div>\n\t<div class=\"download-arqui-item-content\">\n\t\t<h4 class=\"download-title\">Texto San Juan, LA UNCI\u00d3N DE BETANIA (CARTA)<\/h4>\n\t\t\t<\/div>\n\t<!--<div class=\"download-count\">1096 downloads\t<\/div>-->\n\n<\/aside>\n<hr class=\"download-separator\"><\/li><li><aside class=\"download-arqui-item\">\n\n\t<div class=\"download-image-content\">\n\t\t<!--<div class=\"download-image\">\n\t\t\t\t<\/div>-->\n\t\t<div class=\"download-button-container\">\n\t\t<a class=\"download-button\" title=\"\" href=\"https:\/\/www.arquidiocesismty.org\/arquimty\/download\/texto-juan-la-uncion-de-betania-media-carta\/\" rel=\"nofollow\">\n\t\t\tDescargar Archivo\t\t\t<!--<small><\/small>-->\n\t\t<\/a>\n\t\t<\/div>\n\t\t<!--<div class=\"download-date\"><?php\/* echo get_the_date(); *\/?><\/div>-->\n\t<\/div>\n\t<div class=\"download-arqui-item-content\">\n\t\t<h4 class=\"download-title\">Texto Juan, LA UNCI\u00d3N DE BETANIA (media carta)<\/h4>\n\t\t\t<\/div>\n\t<!--<div class=\"download-count\">993 downloads\t<\/div>-->\n\n<\/aside>\n<hr class=\"download-separator\"><\/li><li><aside class=\"download-arqui-item\">\n\n\t<div class=\"download-image-content\">\n\t\t<!--<div class=\"download-image\">\n\t\t\t\t<\/div>-->\n\t\t<div class=\"download-button-container\">\n\t\t<a class=\"download-button\" title=\"\" href=\"https:\/\/www.arquidiocesismty.org\/arquimty\/download\/oracion-san-miguel-carta\/\" rel=\"nofollow\">\n\t\t\tDescargar Archivo\t\t\t<!--<small><\/small>-->\n\t\t<\/a>\n\t\t<\/div>\n\t\t<!--<div class=\"download-date\"><?php\/* echo get_the_date(); *\/?><\/div>-->\n\t<\/div>\n\t<div class=\"download-arqui-item-content\">\n\t\t<h4 class=\"download-title\">Oraciones para leer al final de las misa (formato carta)<\/h4>\n\t\t\t<\/div>\n\t<!--<div class=\"download-count\">1812 downloads\t<\/div>-->\n\n<\/aside>\n<hr class=\"download-separator\"><\/li><li><aside class=\"download-arqui-item\">\n\n\t<div class=\"download-image-content\">\n\t\t<!--<div class=\"download-image\">\n\t\t\t\t<\/div>-->\n\t\t<div class=\"download-button-container\">\n\t\t<a class=\"download-button\" title=\"\" href=\"https:\/\/www.arquidiocesismty.org\/arquimty\/download\/oracion-san-miguel-media-carta\/\" rel=\"nofollow\">\n\t\t\tDescargar Archivo\t\t\t<!--<small><\/small>-->\n\t\t<\/a>\n\t\t<\/div>\n\t\t<!--<div class=\"download-date\"><?php\/* echo get_the_date(); *\/?><\/div>-->\n\t<\/div>\n\t<div class=\"download-arqui-item-content\">\n\t\t<h4 class=\"download-title\">Oraciones para leer al final de las misa (formato media carta)<\/h4>\n\t\t\t<\/div>\n\t<!--<div class=\"download-count\">1930 downloads\t<\/div>-->\n\n<\/aside>\n<hr class=\"download-separator\"><\/li><li><aside class=\"download-arqui-item\">\n\n\t<div class=\"download-image-content\">\n\t\t<!--<div class=\"download-image\">\n\t\t\t\t<\/div>-->\n\t\t<div class=\"download-button-container\">\n\t\t<a class=\"download-button\" title=\"\" href=\"https:\/\/www.arquidiocesismty.org\/arquimty\/download\/ejercicios-espirituales-de-cuaresma-mty-2018\/\" rel=\"nofollow\">\n\t\t\tDescargar Archivo\t\t\t<!--<small><\/small>-->\n\t\t<\/a>\n\t\t<\/div>\n\t\t<!--<div class=\"download-date\"><?php\/* echo get_the_date(); *\/?><\/div>-->\n\t<\/div>\n\t<div class=\"download-arqui-item-content\">\n\t\t<h4 class=\"download-title\">Ejercicios Espirituales de Cuaresma MTY 2018<\/h4>\n\t\t\t<\/div>\n\t<!--<div class=\"download-count\">2306 downloads\t<\/div>-->\n\n<\/aside>\n<hr class=\"download-separator\"><\/li><li><aside class=\"download-arqui-item\">\n\n\t<div class=\"download-image-content\">\n\t\t<!--<div class=\"download-image\">\n\t\t\t\t<\/div>-->\n\t\t<div class=\"download-button-container\">\n\t\t<a class=\"download-button\" title=\"\" href=\"https:\/\/www.arquidiocesismty.org\/arquimty\/download\/texto-de-san-juan-para-leer-en-las-misas-del-2018-lona\/\" rel=\"nofollow\">\n\t\t\tDescargar Archivo\t\t\t<!--<small><\/small>-->\n\t\t<\/a>\n\t\t<\/div>\n\t\t<!--<div class=\"download-date\"><?php\/* echo get_the_date(); *\/?><\/div>-->\n\t<\/div>\n\t<div class=\"download-arqui-item-content\">\n\t\t<h4 class=\"download-title\">Texto de San Juan para leer en las misas del 2018 (Lona)<\/h4>\n\t\t\t<\/div>\n\t<!--<div class=\"download-count\">1255 downloads\t<\/div>-->\n\n<\/aside>\n<hr class=\"download-separator\"><\/li><li><aside class=\"download-arqui-item\">\n\n\t<div class=\"download-image-content\">\n\t\t<!--<div class=\"download-image\">\n\t\t\t\t<\/div>-->\n\t\t<div class=\"download-button-container\">\n\t\t<a class=\"download-button\" title=\"\" href=\"https:\/\/www.arquidiocesismty.org\/arquimty\/download\/texto-de-san-juan-para-leer-en-las-misas-del-2018-media-carta\/\" rel=\"nofollow\">\n\t\t\tDescargar Archivo\t\t\t<!--<small><\/small>-->\n\t\t<\/a>\n\t\t<\/div>\n\t\t<!--<div class=\"download-date\"><?php\/* echo get_the_date(); *\/?><\/div>-->\n\t<\/div>\n\t<div class=\"download-arqui-item-content\">\n\t\t<h4 class=\"download-title\">Texto de San Juan para leer en las misas del 2018 (Media Carta)<\/h4>\n\t\t\t<\/div>\n\t<!--<div class=\"download-count\">1444 downloads\t<\/div>-->\n\n<\/aside>\n<hr class=\"download-separator\"><\/li><li><aside class=\"download-arqui-item\">\n\n\t<div class=\"download-image-content\">\n\t\t<!--<div class=\"download-image\">\n\t\t\t\t<\/div>-->\n\t\t<div class=\"download-button-container\">\n\t\t<a class=\"download-button\" title=\"\" href=\"https:\/\/www.arquidiocesismty.org\/arquimty\/download\/texto-de-san-juan-para-leer-en-las-misas-del-2018-carta\/\" rel=\"nofollow\">\n\t\t\tDescargar Archivo\t\t\t<!--<small><\/small>-->\n\t\t<\/a>\n\t\t<\/div>\n\t\t<!--<div class=\"download-date\"><?php\/* echo get_the_date(); *\/?><\/div>-->\n\t<\/div>\n\t<div class=\"download-arqui-item-content\">\n\t\t<h4 class=\"download-title\">Texto de San Juan para leer en las misas del 2018 (Carta)<\/h4>\n\t\t\t<\/div>\n\t<!--<div class=\"download-count\">1430 downloads\t<\/div>-->\n\n<\/aside>\n<hr class=\"download-separator\"><\/li><li><a class=\"download-link\" title=\"Please set a version in your WordPress admin\" href=\"#\" rel=\"nofollow\">\n\t\"portada adviento\" <strong>has no version set!<\/strong>\n<\/a><\/li><li><aside class=\"download-arqui-item\">\n\n\t<div class=\"download-image-content\">\n\t\t<!--<div class=\"download-image\">\n\t\t\t\t<\/div>-->\n\t\t<div class=\"download-button-container\">\n\t\t<a class=\"download-button\" title=\"\" href=\"https:\/\/www.arquidiocesismty.org\/arquimty\/download\/mensaje-del-arzobispo-diezmo-2018\/\" rel=\"nofollow\">\n\t\t\tDescargar Archivo\t\t\t<!--<small><\/small>-->\n\t\t<\/a>\n\t\t<\/div>\n\t\t<!--<div class=\"download-date\"><?php\/* echo get_the_date(); *\/?><\/div>-->\n\t<\/div>\n\t<div class=\"download-arqui-item-content\">\n\t\t<h4 class=\"download-title\">Mensaje del Arzobispo Diezmo 2018<\/h4>\n\t\t<p>Descarga el v\u00eddeo del mensaje de nuestro Arzobispo sobre el diezmo 2018<\/p>\n\t<\/div>\n\t<!--<div class=\"download-count\">908 downloads\t<\/div>-->\n\n<\/aside>\n<hr class=\"download-separator\"><\/li><li><aside class=\"download-arqui-item\">\n\n\t<div class=\"download-image-content\">\n\t\t<!--<div class=\"download-image\">\n\t\t\t\t<\/div>-->\n\t\t<div class=\"download-button-container\">\n\t\t<a class=\"download-button\" title=\"\" href=\"https:\/\/www.arquidiocesismty.org\/arquimty\/download\/portada-facebook-pentecostes\/\" rel=\"nofollow\">\n\t\t\tDescargar Archivo\t\t\t<!--<small><\/small>-->\n\t\t<\/a>\n\t\t<\/div>\n\t\t<!--<div class=\"download-date\"><?php\/* echo get_the_date(); *\/?><\/div>-->\n\t<\/div>\n\t<div class=\"download-arqui-item-content\">\n\t\t<h4 class=\"download-title\">portada facebook Pentecostes<\/h4>\n\t\t\t<\/div>\n\t<!--<div class=\"download-count\">1166 downloads\t<\/div>-->\n\n<\/aside>\n<hr class=\"download-separator\"><\/li><li><aside class=\"download-arqui-item\">\n\n\t<div class=\"download-image-content\">\n\t\t<!--<div class=\"download-image\">\n\t\t\t\t<\/div>-->\n\t\t<div class=\"download-button-container\">\n\t\t<a class=\"download-button\" title=\"\" href=\"https:\/\/www.arquidiocesismty.org\/arquimty\/download\/liturgia-de-la-semana-santa-2017\/\" rel=\"nofollow\">\n\t\t\tDescargar Archivo\t\t\t<!--<small><\/small>-->\n\t\t<\/a>\n\t\t<\/div>\n\t\t<!--<div class=\"download-date\"><?php\/* echo get_the_date(); *\/?><\/div>-->\n\t<\/div>\n\t<div class=\"download-arqui-item-content\">\n\t\t<h4 class=\"download-title\">Liturgia de la Semana Santa 2017<\/h4>\n\t\t<p>El archivo contiene dos secciones. La primera parte algunas consideraciones sobre la Semana Santa. La segunda vienen los elementos lit\u00fargicos para las diversas celebraciones de la Semana Santa.<\/p>\n\t<\/div>\n\t<!--<div class=\"download-count\">1915 downloads\t<\/div>-->\n\n<\/aside>\n<hr class=\"download-separator\"><\/li><li><aside class=\"download-arqui-item\">\n\n\t<div class=\"download-image-content\">\n\t\t<!--<div class=\"download-image\">\n\t\t\t\t<\/div>-->\n\t\t<div class=\"download-button-container\">\n\t\t<a class=\"download-button\" title=\"\" href=\"https:\/\/www.arquidiocesismty.org\/arquimty\/download\/lectio-divina-pastoral-comunidad-y-ciudadania\/\" rel=\"nofollow\">\n\t\t\tDescargar Archivo\t\t\t<!--<small><\/small>-->\n\t\t<\/a>\n\t\t<\/div>\n\t\t<!--<div class=\"download-date\"><?php\/* echo get_the_date(); *\/?><\/div>-->\n\t<\/div>\n\t<div class=\"download-arqui-item-content\">\n\t\t<h4 class=\"download-title\">Lectio Divina Pastoral Comunidad y Ciudadan\u00eda<\/h4>\n\t\t\t<\/div>\n\t<!--<div class=\"download-count\">1551 downloads\t<\/div>-->\n\n<\/aside>\n<hr class=\"download-separator\"><\/li><li><aside class=\"download-arqui-item\">\n\n\t<div class=\"download-image-content\">\n\t\t<!--<div class=\"download-image\">\n\t\t\t\t<\/div>-->\n\t\t<div class=\"download-button-container\">\n\t\t<a class=\"download-button\" title=\"\" href=\"https:\/\/www.arquidiocesismty.org\/arquimty\/download\/directorio-telefonico-pastoral-social\/\" rel=\"nofollow\">\n\t\t\tDescargar Archivo\t\t\t<!--<small><\/small>-->\n\t\t<\/a>\n\t\t<\/div>\n\t\t<!--<div class=\"download-date\"><?php\/* echo get_the_date(); *\/?><\/div>-->\n\t<\/div>\n\t<div class=\"download-arqui-item-content\">\n\t\t<h4 class=\"download-title\">DIRECTORIO TELEF\u00d3NICO PASTORAL SOCIAL<\/h4>\n\t\t<p class=\"p1\"><span class=\"s1\">Este Directorio Telef\u00f3nico 2017 tiene como objetivo dar a conocer los diversos servicios que existen en la Arquidi\u00f3cesis, esta clasificado por grupos de ayuda a personas, entre los que se encuentran: Ni\u00f1os, migrantes, mujeres, indigentes, salud mental, adultos mayores, entre otros; \u00a0queremos que este directorio telef\u00f3nico favorezca el trabajo en comuni\u00f3n que realizamos en la Pastoral Social, en las Oficinas Parroquiales y a quienes realizan obra social.<\/span><\/p>\n\t<\/div>\n\t<!--<div class=\"download-count\">1419 downloads\t<\/div>-->\n\n<\/aside>\n<hr class=\"download-separator\"><\/li><li><aside class=\"download-arqui-item\">\n\n\t<div class=\"download-image-content\">\n\t\t<!--<div class=\"download-image\">\n\t\t\t\t<\/div>-->\n\t\t<div class=\"download-button-container\">\n\t\t<a class=\"download-button\" title=\"\" href=\"https:\/\/www.arquidiocesismty.org\/arquimty\/download\/algunas-consideraciones-sobre-la-semana-santa-2017\/\" rel=\"nofollow\">\n\t\t\tDescargar Archivo\t\t\t<!--<small><\/small>-->\n\t\t<\/a>\n\t\t<\/div>\n\t\t<!--<div class=\"download-date\"><?php\/* echo get_the_date(); *\/?><\/div>-->\n\t<\/div>\n\t<div class=\"download-arqui-item-content\">\n\t\t<h4 class=\"download-title\">ALGUNAS CONSIDERACIONES SOBRE LA SEMANA SANTA 2017<\/h4>\n\t\t<p class=\"p1\"><span class=\"s1\">De parte del Secretariado de Pastoral Lit\u00fargica les hacemos llegar el siguiente documento para la Semana Santa 2017.<\/span><\/p>\n\t<\/div>\n\t<!--<div class=\"download-count\">1178 downloads\t<\/div>-->\n\n<\/aside>\n<hr class=\"download-separator\"><\/li><li><aside class=\"download-arqui-item\">\n\n\t<div class=\"download-image-content\">\n\t\t<!--<div class=\"download-image\">\n\t\t\t\t<\/div>-->\n\t\t<div class=\"download-button-container\">\n\t\t<a class=\"download-button\" title=\"\" href=\"https:\/\/www.arquidiocesismty.org\/arquimty\/download\/portada-para-facebook\/\" rel=\"nofollow\">\n\t\t\tDescargar Archivo\t\t\t<!--<small><\/small>-->\n\t\t<\/a>\n\t\t<\/div>\n\t\t<!--<div class=\"download-date\"><?php\/* echo get_the_date(); *\/?><\/div>-->\n\t<\/div>\n\t<div class=\"download-arqui-item-content\">\n\t\t<h4 class=\"download-title\">Portada para Facebook<\/h4>\n\t\t<p>Descarga la portada de Cuaresma para Facebook<\/p>\n\t<\/div>\n\t<!--<div class=\"download-count\">1219 downloads\t<\/div>-->\n\n<\/aside>\n<hr class=\"download-separator\"><\/li><li><aside class=\"download-arqui-item\">\n\n\t<div class=\"download-image-content\">\n\t\t<!--<div class=\"download-image\">\n\t\t\t\t<\/div>-->\n\t\t<div class=\"download-button-container\">\n\t\t<a class=\"download-button\" title=\"\" href=\"https:\/\/www.arquidiocesismty.org\/arquimty\/download\/guion-de-ejercicios-espirituales-cuaresma-2017\/\" rel=\"nofollow\">\n\t\t\tDescargar Archivo\t\t\t<!--<small><\/small>-->\n\t\t<\/a>\n\t\t<\/div>\n\t\t<!--<div class=\"download-date\"><?php\/* echo get_the_date(); *\/?><\/div>-->\n\t<\/div>\n\t<div class=\"download-arqui-item-content\">\n\t\t<h4 class=\"download-title\">Gui\u00f3n de ejercicios espirituales cuaresma 2017<\/h4>\n\t\t<p class=\"p1\"><span class=\"s1\">El Secretariado de Pastoral Catequ\u00e9tica nos hizo la caridad de elaborar este gui\u00f3n como subsidio para la Cuaresma. Agradecemos su servicio y trabajo, esperando que sean de mucha utilidad.<\/span><\/p>\n\t<\/div>\n\t<!--<div class=\"download-count\">1966 downloads\t<\/div>-->\n\n<\/aside>\n<hr class=\"download-separator\"><\/li><li><aside class=\"download-arqui-item\">\n\n\t<div class=\"download-image-content\">\n\t\t<!--<div class=\"download-image\">\n\t\t\t\t<\/div>-->\n\t\t<div class=\"download-button-container\">\n\t\t<a class=\"download-button\" title=\"\" href=\"https:\/\/www.arquidiocesismty.org\/arquimty\/download\/folleto-miercoles-de-ceniza-2017\/\" rel=\"nofollow\">\n\t\t\tDescargar Archivo\t\t\t<!--<small><\/small>-->\n\t\t<\/a>\n\t\t<\/div>\n\t\t<!--<div class=\"download-date\"><?php\/* echo get_the_date(); *\/?><\/div>-->\n\t<\/div>\n\t<div class=\"download-arqui-item-content\">\n\t\t<h4 class=\"download-title\">Folleto Mi\u00e9rcoles de Ceniza 2017<\/h4>\n\t\t<p>Aqu\u00ed puedes descargar el folleto para el mi\u00e9rcoles de ceniza del a\u00f1o 2017 preparado por el Secretariado Arquidiocesano de Pastoral Lit\u00fargica.<\/p>\n\t<\/div>\n\t<!--<div class=\"download-count\">4071 downloads\t<\/div>-->\n\n<\/aside>\n<hr class=\"download-separator\"><\/li><li><aside class=\"download-arqui-item\">\n\n\t<div class=\"download-image-content\">\n\t\t<!--<div class=\"download-image\">\n\t\t\t\t<\/div>-->\n\t\t<div class=\"download-button-container\">\n\t\t<a class=\"download-button\" title=\"\" href=\"https:\/\/www.arquidiocesismty.org\/arquimty\/download\/preces-semana-de-oracion-por-las-vocaciones-2017\/\" rel=\"nofollow\">\n\t\t\tDescargar Archivo\t\t\t<!--<small><\/small>-->\n\t\t<\/a>\n\t\t<\/div>\n\t\t<!--<div class=\"download-date\"><?php\/* echo get_the_date(); *\/?><\/div>-->\n\t<\/div>\n\t<div class=\"download-arqui-item-content\">\n\t\t<h4 class=\"download-title\">Preces semana de oraci\u00f3n por las vocaciones 2017<\/h4>\n\t\t<p>Aqu\u00ed puedes descargar el subsidio elaborado por el centro vocacional y el seminario para la semana de oraci\u00f3n por las vocaciones<\/p>\n\t<\/div>\n\t<!--<div class=\"download-count\">1119 downloads\t<\/div>-->\n\n<\/aside>\n<hr class=\"download-separator\"><\/li><li><aside class=\"download-arqui-item\">\n\n\t<div class=\"download-image-content\">\n\t\t<!--<div class=\"download-image\">\n\t\t\t\t<\/div>-->\n\t\t<div class=\"download-button-container\">\n\t\t<a class=\"download-button\" title=\"\" href=\"https:\/\/www.arquidiocesismty.org\/arquimty\/download\/prologo-de-san-juan\/\" rel=\"nofollow\">\n\t\t\tDescargar Archivo\t\t\t<!--<small><\/small>-->\n\t\t<\/a>\n\t\t<\/div>\n\t\t<!--<div class=\"download-date\"><?php\/* echo get_the_date(); *\/?><\/div>-->\n\t<\/div>\n\t<div class=\"download-arqui-item-content\">\n\t\t<h4 class=\"download-title\">Pr\u00f3logo de San Juan<\/h4>\n\t\t<p>Aqu\u00ed te presentamos el pr\u00f3logo de San Juan en varios formatos<\/p>\n\t<\/div>\n\t<!--<div class=\"download-count\">2394 downloads\t<\/div>-->\n\n<\/aside>\n<hr class=\"download-separator\"><\/li><li><aside class=\"download-arqui-item\">\n\n\t<div class=\"download-image-content\">\n\t\t<!--<div class=\"download-image\">\n\t\t\t\t<\/div>-->\n\t\t<div class=\"download-button-container\">\n\t\t<a class=\"download-button\" title=\"\" href=\"https:\/\/www.arquidiocesismty.org\/arquimty\/download\/asamblea-parroquial-tema-3\/\" rel=\"nofollow\">\n\t\t\tDescargar Archivo\t\t\t<!--<small><\/small>-->\n\t\t<\/a>\n\t\t<\/div>\n\t\t<!--<div class=\"download-date\"><?php\/* echo get_the_date(); *\/?><\/div>-->\n\t<\/div>\n\t<div class=\"download-arqui-item-content\">\n\t\t<h4 class=\"download-title\">Asamblea parroquial 2017: Tema 3<\/h4>\n\t\t\t<\/div>\n\t<!--<div class=\"download-count\">1257 downloads\t<\/div>-->\n\n<\/aside>\n<hr class=\"download-separator\"><\/li><li><aside class=\"download-arqui-item\">\n\n\t<div class=\"download-image-content\">\n\t\t<!--<div class=\"download-image\">\n\t\t\t\t<\/div>-->\n\t\t<div class=\"download-button-container\">\n\t\t<a class=\"download-button\" title=\"\" href=\"https:\/\/www.arquidiocesismty.org\/arquimty\/download\/asamblea-parroquial-tema-2\/\" rel=\"nofollow\">\n\t\t\tDescargar Archivo\t\t\t<!--<small><\/small>-->\n\t\t<\/a>\n\t\t<\/div>\n\t\t<!--<div class=\"download-date\"><?php\/* echo get_the_date(); *\/?><\/div>-->\n\t<\/div>\n\t<div class=\"download-arqui-item-content\">\n\t\t<h4 class=\"download-title\">Asamblea parroquial 2017: Tema 2<\/h4>\n\t\t\t<\/div>\n\t<!--<div class=\"download-count\">1210 downloads\t<\/div>-->\n\n<\/aside>\n<hr class=\"download-separator\"><\/li><li><aside class=\"download-arqui-item\">\n\n\t<div class=\"download-image-content\">\n\t\t<!--<div class=\"download-image\">\n\t\t\t\t<\/div>-->\n\t\t<div class=\"download-button-container\">\n\t\t<a class=\"download-button\" title=\"\" href=\"https:\/\/www.arquidiocesismty.org\/arquimty\/download\/asamblea-parroquial-2017-tema-1\/\" rel=\"nofollow\">\n\t\t\tDescargar Archivo\t\t\t<!--<small><\/small>-->\n\t\t<\/a>\n\t\t<\/div>\n\t\t<!--<div class=\"download-date\"><?php\/* echo get_the_date(); *\/?><\/div>-->\n\t<\/div>\n\t<div class=\"download-arqui-item-content\">\n\t\t<h4 class=\"download-title\">Asamblea parroquial 2017: Tema 1<\/h4>\n\t\t\t<\/div>\n\t<!--<div class=\"download-count\">1340 downloads\t<\/div>-->\n\n<\/aside>\n<hr class=\"download-separator\"><\/li><li><aside class=\"download-arqui-item\">\n\n\t<div class=\"download-image-content\">\n\t\t<!--<div class=\"download-image\">\n\t\t\t\t<\/div>-->\n\t\t<div class=\"download-button-container\">\n\t\t<a class=\"download-button\" title=\"\" href=\"https:\/\/www.arquidiocesismty.org\/arquimty\/download\/asamblea-parroquial\/\" rel=\"nofollow\">\n\t\t\tDescargar Archivo\t\t\t<!--<small><\/small>-->\n\t\t<\/a>\n\t\t<\/div>\n\t\t<!--<div class=\"download-date\"><?php\/* echo get_the_date(); *\/?><\/div>-->\n\t<\/div>\n\t<div class=\"download-arqui-item-content\">\n\t\t<h4 class=\"download-title\">Asamblea Parroquial 2017<\/h4>\n\t\t<p>Te presentamos el documento para la implementaci\u00f3n del plan de pastoral en las parroquias.<\/p>\n\t<\/div>\n\t<!--<div class=\"download-count\">1354 downloads\t<\/div>-->\n\n<\/aside>\n<hr class=\"download-separator\"><\/li><li><aside class=\"download-arqui-item\">\n\n\t<div class=\"download-image-content\">\n\t\t<!--<div class=\"download-image\">\n\t\t\t\t<\/div>-->\n\t\t<div class=\"download-button-container\">\n\t\t<a class=\"download-button\" title=\"\" href=\"https:\/\/www.arquidiocesismty.org\/arquimty\/download\/plan-de-pastoral-2017-persona-y-familia\/\" rel=\"nofollow\">\n\t\t\tDescargar Archivo\t\t\t<!--<small><\/small>-->\n\t\t<\/a>\n\t\t<\/div>\n\t\t<!--<div class=\"download-date\"><?php\/* echo get_the_date(); *\/?><\/div>-->\n\t<\/div>\n\t<div class=\"download-arqui-item-content\">\n\t\t<h4 class=\"download-title\">Plan de pastoral 2017: Persona y familia<\/h4>\n\t\t<p>Plan de pastoral org\u00e1nica para el 2017 donde nos centraremos en la persona y la familia<\/p>\n\t<\/div>\n\t<!--<div class=\"download-count\">2142 downloads\t<\/div>-->\n\n<\/aside>\n<hr class=\"download-separator\"><\/li><li><aside class=\"download-arqui-item\">\n\n\t<div class=\"download-image-content\">\n\t\t<!--<div class=\"download-image\">\n\t\t\t\t<\/div>-->\n\t\t<div class=\"download-button-container\">\n\t\t<a class=\"download-button\" title=\"\" href=\"https:\/\/www.arquidiocesismty.org\/arquimty\/download\/iv-carta-pastoral\/\" rel=\"nofollow\">\n\t\t\tDescargar Archivo\t\t\t<!--<small><\/small>-->\n\t\t<\/a>\n\t\t<\/div>\n\t\t<!--<div class=\"download-date\"><?php\/* echo get_the_date(); *\/?><\/div>-->\n\t<\/div>\n\t<div class=\"download-arqui-item-content\">\n\t\t<h4 class=\"download-title\">IV CARTA PASTORAL<\/h4>\n\t\t<div class=\"page\" title=\"Page 2\">\n<div class=\"section\">\n<div class=\"layoutArea\">\n<div class=\"column\">\n<p>LA IGLESIA Comunidad siempre en CAMINO: Itinerario para la elaboracio\u0301n e implementacio\u0301n de nuestro plan de pastoral. Mons. Rogelio Cabrera L\u00f3pez<\/p>\n<\/div>\n<\/div>\n<\/div>\n<\/div>\n\t<\/div>\n\t<!--<div class=\"download-count\">1687 downloads\t<\/div>-->\n\n<\/aside>\n<hr class=\"download-separator\"><\/li><\/ul>\n\t\t\n<p>[\/vc_column_text][vc_column_text]<\/p>\n<ul class=\"dlm-downloads\">\n<li>\n<aside class=\"download-arqui-item\">\n<div class=\"download-image-content\">\n<div class=\"download-button-container\"><a class=\"download-button\" title=\"v\u00eda crucis virtual\" href=\"https:\/\/drive.google.com\/drive\/u\/1\/folders\/17_c7VrVQddcmv8FHhgs4MzpU9fBsUbDX\" target=\"_blank\" rel=\"nofollow noopener noreferrer\">Descargar Archivo <!--<small><\/small>--><\/a><\/div>\n<\/div>\n<div class=\"download-arqui-item-content\">\n<h4 class=\"download-title\">Instrumentos de trabajo Instituto de Ministerios Laicales<\/h4>\n<\/div>\n<\/aside>\n<\/li>\n<\/ul>\n<p>[\/vc_column_text][vc_column_text el_class=&#8221;item-superior&#8221;]<aside class=\"download-arqui-item\">\n\n\t<div class=\"download-image-content\">\n\t\t<!--<div class=\"download-image\">\n\t\t\t\t<\/div>-->\n\t\t<div class=\"download-button-container\">\n\t\t<a class=\"download-button\" title=\"\" href=\"https:\/\/www.arquidiocesismty.org\/arquimty\/download\/jornada-de-oracion-y-reparacion-por-la-vida-siete-dias-de-oracion-y-reparacion\/\" rel=\"nofollow\">\n\t\t\tDescargar Archivo\t\t\t<!--<small><\/small>-->\n\t\t<\/a>\n\t\t<\/div>\n\t\t<!--<div class=\"download-date\"><?php\/* echo get_the_date(); *\/?><\/div>-->\n\t<\/div>\n\t<div class=\"download-arqui-item-content\">\n\t\t<h4 class=\"download-title\">JORNADA DE ORACION Y REPARACION POR LA VIDA SIETE D\u00cdAS DE ORACI\u00d3N Y REPARACI\u00d3N<\/h4>\n\t\t\t<\/div>\n\t<!--<div class=\"download-count\">503 downloads\t<\/div>-->\n\n<\/aside>\n<hr class=\"download-separator\">[\/vc_column_text][vc_column_text]<\/p>\n<ul class=\"dlm-downloads\">\n<li>\n<aside class=\"download-arqui-item\">\n<div class=\"download-image-content\">\n<div class=\"download-button-container\"><a class=\"download-button\" title=\"v\u00eda crucis virtual\" href=\"https:\/\/drive.google.com\/file\/d\/1FqSNeV3nidrrQGxtxYT1_Ll9aF3Th4fg\/view?usp=sharing\" target=\"_blank\" rel=\"nofollow noopener noreferrer\">Descargar Archivo <!--<small><\/small>--><\/a><\/div>\n<\/div>\n<div class=\"download-arqui-item-content\">\n<h4 class=\"download-title\">V\u00eda Crucis virtual 2021<\/h4>\n<\/div>\n<\/aside>\n<\/li>\n<\/ul>\n<p>[\/vc_column_text][vc_column_text]<\/p>\n<ul class=\"dlm-downloads\">\n<li>\n<aside class=\"download-arqui-item\">\n<div class=\"download-image-content\">\n<div class=\"download-button-container\"><a class=\"download-button\" title=\"\" href=\"https:\/\/drive.google.com\/drive\/u\/1\/folders\/1Y7RuE-2xsLpKwMrILXHvazshLMEgOCSQ\" target=\"_blank\" rel=\"nofollow noopener noreferrer\">Descargar Archivo <!--<small><\/small>--><\/a><\/div>\n<\/div>\n<div class=\"download-arqui-item-content\">\n<h4 class=\"download-title\">MATERIAL DEL DIEZMO 2020-2021<\/h4>\n<\/div>\n<\/aside>\n<\/li>\n<\/ul>\n<p>[\/vc_column_text][\/vc_column][\/vc_row]<\/p>\n","protected":false},"excerpt":{"rendered":"<p>[vc_section full_width=&#8221;stretch_row&#8221; css=&#8221;.vc_custom_1606178214453{margin-bottom: 40px !important;background-image: url(https:\/\/www.arquidiocesismty.org\/arquimty\/wp-content\/uploads\/2020\/11\/banner-top-ayudanos.jpg?id=13413) !important;background-position: center !important;background-repeat: no-repeat !important;background-size: cover !important;}&#8221;][vc_row css=&#8221;.vc_custom_1606178199218{padding-right: 20px !important;padding-left: 20px !important;}&#8221;][vc_column][vc_column_text css=&#8221;.vc_custom_1486797440493{margin-bottom: 0px !important;padding-top: 84px !important;padding-bottom: 84px !important;}&#8221;] Descargas<span class=\"excerpt-hellip\"> [\u2026]<\/span><\/p>\n","protected":false},"author":1,"featured_media":0,"parent":0,"menu_order":0,"comment_status":"closed","ping_status":"closed","template":"","meta":[],"_links":{"self":[{"href":"https:\/\/www.arquidiocesismty.org\/arquimty\/wp-json\/wp\/v2\/pages\/169"}],"collection":[{"href":"https:\/\/www.arquidiocesismty.org\/arquimty\/wp-json\/wp\/v2\/pages"}],"about":[{"href":"https:\/\/www.arquidiocesismty.org\/arquimty\/wp-json\/wp\/v2\/types\/page"}],"author":[{"embeddable":true,"href":"https:\/\/www.arquidiocesismty.org\/arquimty\/wp-json\/wp\/v2\/users\/1"}],"replies":[{"embeddable":true,"href":"https:\/\/www.arquidiocesismty.org\/arquimty\/wp-json\/wp\/v2\/comments?post=169"}],"version-history":[{"count":40,"href":"https:\/\/www.arquidiocesismty.org\/arquimty\/wp-json\/wp\/v2\/pages\/169\/revisions"}],"predecessor-version":[{"id":17924,"href":"https:\/\/www.arquidiocesismty.org\/arquimty\/wp-json\/wp\/v2\/pages\/169\/revisions\/17924"}],"wp:attachment":[{"href":"https:\/\/www.arquidiocesismty.org\/arquimty\/wp-json\/wp\/v2\/media?parent=169"}],"curies":[{"name":"wp","href":"https:\/\/api.w.org\/{rel}","templated":true}]}}