{"id":16638,"date":"2024-01-24T14:11:00","date_gmt":"2024-01-24T20:11:00","guid":{"rendered":"https:\/\/www.arquidiocesismty.org\/arquimty\/?page_id=16638"},"modified":"2024-03-07T13:33:19","modified_gmt":"2024-03-07T19:33:19","slug":"2024-sacerdotal","status":"publish","type":"page","link":"https:\/\/www.arquidiocesismty.org\/arquimty\/2024-sacerdotal\/","title":{"rendered":"2024 Sacerdotal"},"content":{"rendered":"<p>[vc_row full_width=&#8221;stretch_row_content_no_spaces&#8221;][vc_column]\n\t\t\t<!-- START 2024 Sacerdotal REVOLUTION SLIDER 6.4.11 --><p class=\"rs-p-wp-fix\"><\/p>\n\t\t\t<rs-module-wrap id=\"rev_slider_3_1_wrapper\" data-source=\"gallery\" style=\"background:transparent;padding:0;margin:0px auto;margin-top:0;margin-bottom:0;\">\n\t\t\t\t<rs-module id=\"rev_slider_3_1\" style=\"\" data-version=\"6.4.11\">\n\t\t\t\t\t<rs-slides>\n\t\t\t\t\t\t<rs-slide data-key=\"rs-3\" data-title=\"Slide\" data-in=\"o:0;\" data-out=\"a:false;\">\n\t\t\t\t\t\t\t<img src=\"\/\/www.arquidiocesismty.org\/arquimty\/wp-content\/uploads\/1706\/16\/portada-landing-home.jpg\" title=\"portada-landing-home\" width=\"1920\" height=\"1280\" class=\"rev-slidebg tp-rs-img\" data-no-retina>\n<!--\n\t\t\t\t\t\t\t--><rs-layer\n\t\t\t\t\t\t\t\tid=\"slider-3-slide-3-layer-0\" \n\t\t\t\t\t\t\t\tdata-type=\"text\"\n\t\t\t\t\t\t\t\tdata-color=\"#ffffff\"\n\t\t\t\t\t\t\t\tdata-rsp_ch=\"on\"\n\t\t\t\t\t\t\t\tdata-xy=\"x:80px;y:230px;\"\n\t\t\t\t\t\t\t\tdata-text=\"w:normal;s:50;l:63;fw:700;\"\n\t\t\t\t\t\t\t\tdata-frame_0=\"y:100%;\"\n\t\t\t\t\t\t\t\tdata-frame_0_mask=\"u:t;\"\n\t\t\t\t\t\t\t\tdata-frame_1=\"x:-2px;y:-2px;sp:1400;\"\n\t\t\t\t\t\t\t\tdata-frame_1_mask=\"u:t;\"\n\t\t\t\t\t\t\t\tdata-frame_999=\"o:0;st:w;sR:7600;\"\n\t\t\t\t\t\t\t\tstyle=\"z-index:9;font-family:Open Sans;\"\n\t\t\t\t\t\t\t>Sacerdotes <br \/>\nseg\u00fan su coraz\u00f3n \n\t\t\t\t\t\t\t<\/rs-layer><!--\n\n\t\t\t\t\t\t\t--><rs-layer\n\t\t\t\t\t\t\t\tid=\"slider-3-slide-3-layer-1\" \n\t\t\t\t\t\t\t\tdata-type=\"text\"\n\t\t\t\t\t\t\t\tdata-color=\"#ffffff\"\n\t\t\t\t\t\t\t\tdata-rsp_ch=\"on\"\n\t\t\t\t\t\t\t\tdata-xy=\"x:448px;y:355px;\"\n\t\t\t\t\t\t\t\tdata-text=\"w:normal;s:20;l:25;fw:600;\"\n\t\t\t\t\t\t\t\tdata-frame_0=\"y:100%;\"\n\t\t\t\t\t\t\t\tdata-frame_0_mask=\"u:t;\"\n\t\t\t\t\t\t\t\tdata-frame_1=\"sp:1400;\"\n\t\t\t\t\t\t\t\tdata-frame_1_mask=\"u:t;\"\n\t\t\t\t\t\t\t\tdata-frame_999=\"o:0;st:w;sR:7600;\"\n\t\t\t\t\t\t\t\tstyle=\"z-index:8;font-family:Open Sans;\"\n\t\t\t\t\t\t\t>Jr.3,15 \n\t\t\t\t\t\t\t<\/rs-layer><!--\n\n\t\t\t\t\t\t\t--><rs-layer\n\t\t\t\t\t\t\t\tid=\"slider-3-slide-3-layer-2\" \n\t\t\t\t\t\t\t\tclass=\"rev-btn\"\n\t\t\t\t\t\t\t\tdata-type=\"button\"\n\t\t\t\t\t\t\t\tdata-color=\"#ffffff\"\n\t\t\t\t\t\t\t\tdata-rsp_ch=\"on\"\n\t\t\t\t\t\t\t\tdata-xy=\"x:81px;y:384px;\"\n\t\t\t\t\t\t\t\tdata-text=\"w:normal;s:17;l:19;fw:600;a:center;\"\n\t\t\t\t\t\t\t\tdata-actions='id:calendario;o:click;a:scrollto;sp:1000ms;e:power1.inOut;'\n\t\t\t\t\t\t\t\tdata-padding=\"t:6;r:51;b:6;l:51;\"\n\t\t\t\t\t\t\t\tdata-border=\"bor:3px,3px,3px,3px;\"\n\t\t\t\t\t\t\t\tdata-frame_0=\"x:100%;\"\n\t\t\t\t\t\t\t\tdata-frame_0_mask=\"u:t;\"\n\t\t\t\t\t\t\t\tdata-frame_1=\"st:610;sp:1400;sR:610;\"\n\t\t\t\t\t\t\t\tdata-frame_1_mask=\"u:t;\"\n\t\t\t\t\t\t\t\tdata-frame_999=\"o:0;st:w;sR:6990;\"\n\t\t\t\t\t\t\t\tdata-frame_hover=\"bgc:#1a70a5;bor:3px,3px,3px,3px;sp:100;e:power1.inOut;bri:120%;\"\n\t\t\t\t\t\t\t\tstyle=\"z-index:10;background-color:#943a51;font-family:Open Sans;text-transform:uppercase;\"\n\t\t\t\t\t\t\t>Calendario de<br \/>\nActividades \n\t\t\t\t\t\t\t<\/rs-layer><!--\n\n\t\t\t\t\t\t\t--><rs-layer\n\t\t\t\t\t\t\t\tid=\"slider-3-slide-3-layer-3\" \n\t\t\t\t\t\t\t\tdata-type=\"image\"\n\t\t\t\t\t\t\t\tdata-rsp_ch=\"on\"\n\t\t\t\t\t\t\t\tdata-xy=\"x:57px;y:31px;\"\n\t\t\t\t\t\t\t\tdata-text=\"w:normal;\"\n\t\t\t\t\t\t\t\tdata-dim=\"w:189px;h:189px;\"\n\t\t\t\t\t\t\t\tdata-frame_0=\"y:50;\"\n\t\t\t\t\t\t\t\tdata-frame_1=\"sp:1000;\"\n\t\t\t\t\t\t\t\tdata-frame_999=\"o:0;st:w;\"\n\t\t\t\t\t\t\t\tstyle=\"z-index:16;\"\n\t\t\t\t\t\t\t><img src=\"\/\/www.arquidiocesismty.org\/arquimty\/wp-content\/uploads\/2024\/03\/Anio-Sacerdotal-logo.png\" class=\"tp-rs-img\" width=\"5251\" height=\"5250\" data-no-retina> \n\t\t\t\t\t\t\t<\/rs-layer><!--\n\n\t\t\t\t\t\t\t--><rs-layer\n\t\t\t\t\t\t\t\tid=\"slider-3-slide-3-layer-5\" \n\t\t\t\t\t\t\t\tdata-type=\"image\"\n\t\t\t\t\t\t\t\tdata-rsp_ch=\"on\"\n\t\t\t\t\t\t\t\tdata-xy=\"x:131px;y:473px;\"\n\t\t\t\t\t\t\t\tdata-text=\"w:normal;\"\n\t\t\t\t\t\t\t\tdata-dim=\"w:35px;h:35px;\"\n\t\t\t\t\t\t\t\tdata-padding=\"t:6;r:6;b:6;l:6;\"\n\t\t\t\t\t\t\t\tdata-border=\"bor:30px,30px,30px,30px;\"\n\t\t\t\t\t\t\t\tdata-frame_0=\"y:100%;\"\n\t\t\t\t\t\t\t\tdata-frame_0_mask=\"u:t;\"\n\t\t\t\t\t\t\t\tdata-frame_1=\"st:1080;sp:1200;sR:1080;\"\n\t\t\t\t\t\t\t\tdata-frame_1_mask=\"u:t;\"\n\t\t\t\t\t\t\t\tdata-frame_999=\"o:0;st:w;sR:6720;\"\n\t\t\t\t\t\t\t\tstyle=\"z-index:15;background-color:#c29b59;\"\n\t\t\t\t\t\t\t><img src=\"\/\/www.arquidiocesismty.org\/arquimty\/wp-content\/uploads\/2024\/02\/instagram-icon-slider.png\" class=\"tp-rs-img\" width=\"64\" height=\"64\" data-no-retina> \n\t\t\t\t\t\t\t<\/rs-layer><!--\n\n\t\t\t\t\t\t\t--><rs-layer\n\t\t\t\t\t\t\t\tid=\"slider-3-slide-3-layer-6\" \n\t\t\t\t\t\t\t\tdata-type=\"object\"\n\t\t\t\t\t\t\t\tdata-rsp_ch=\"on\"\n\t\t\t\t\t\t\t\tdata-xy=\"x:50px;y:50px;\"\n\t\t\t\t\t\t\t\tdata-text=\"w:normal;\"\n\t\t\t\t\t\t\t\tdata-frame_999=\"o:0;st:w;sR:8700;\"\n\t\t\t\t\t\t\t\tstyle=\"z-index:11;font-family:Roboto;\"\n\t\t\t\t\t\t\t> \n\t\t\t\t\t\t\t<\/rs-layer><!--\n\n\t\t\t\t\t\t\t--><rs-layer\n\t\t\t\t\t\t\t\tid=\"slider-3-slide-3-layer-7\" \n\t\t\t\t\t\t\t\tdata-type=\"object\"\n\t\t\t\t\t\t\t\tdata-rsp_ch=\"on\"\n\t\t\t\t\t\t\t\tdata-xy=\"x:50px;y:50px;\"\n\t\t\t\t\t\t\t\tdata-text=\"w:normal;\"\n\t\t\t\t\t\t\t\tdata-frame_999=\"o:0;st:w;sR:8700;\"\n\t\t\t\t\t\t\t\tstyle=\"z-index:12;font-family:Roboto;\"\n\t\t\t\t\t\t\t> \n\t\t\t\t\t\t\t<\/rs-layer><!--\n\n\t\t\t\t\t\t\t--><rs-layer\n\t\t\t\t\t\t\t\tid=\"slider-3-slide-3-layer-8\" \n\t\t\t\t\t\t\t\tdata-type=\"image\"\n\t\t\t\t\t\t\t\tdata-rsp_ch=\"on\"\n\t\t\t\t\t\t\t\tdata-xy=\"x:80px;y:473px;\"\n\t\t\t\t\t\t\t\tdata-text=\"w:normal;\"\n\t\t\t\t\t\t\t\tdata-dim=\"w:35px;h:35px;\"\n\t\t\t\t\t\t\t\tdata-padding=\"t:6;r:6;b:6;l:6;\"\n\t\t\t\t\t\t\t\tdata-border=\"bor:30px,30px,30px,30px;\"\n\t\t\t\t\t\t\t\tdata-frame_0=\"y:100%;\"\n\t\t\t\t\t\t\t\tdata-frame_0_mask=\"u:t;\"\n\t\t\t\t\t\t\t\tdata-frame_1=\"st:1080;sp:1200;sR:1080;\"\n\t\t\t\t\t\t\t\tdata-frame_1_mask=\"u:t;\"\n\t\t\t\t\t\t\t\tdata-frame_999=\"o:0;st:w;sR:6720;\"\n\t\t\t\t\t\t\t\tstyle=\"z-index:13;background-color:#c29b59;\"\n\t\t\t\t\t\t\t><img src=\"\/\/www.arquidiocesismty.org\/arquimty\/wp-content\/uploads\/2024\/02\/twitter-icon-slider.png\" class=\"tp-rs-img\" width=\"64\" height=\"64\" data-no-retina> \n\t\t\t\t\t\t\t<\/rs-layer><!--\n\n\t\t\t\t\t\t\t--><rs-layer\n\t\t\t\t\t\t\t\tid=\"slider-3-slide-3-layer-9\" \n\t\t\t\t\t\t\t\tdata-type=\"image\"\n\t\t\t\t\t\t\t\tdata-rsp_ch=\"on\"\n\t\t\t\t\t\t\t\tdata-xy=\"x:178px;y:473px;\"\n\t\t\t\t\t\t\t\tdata-text=\"w:normal;\"\n\t\t\t\t\t\t\t\tdata-dim=\"w:35px;h:35px;\"\n\t\t\t\t\t\t\t\tdata-padding=\"t:6;r:6;b:6;l:6;\"\n\t\t\t\t\t\t\t\tdata-border=\"bor:30px,30px,30px,30px;\"\n\t\t\t\t\t\t\t\tdata-frame_0=\"y:100%;\"\n\t\t\t\t\t\t\t\tdata-frame_0_mask=\"u:t;\"\n\t\t\t\t\t\t\t\tdata-frame_1=\"st:1080;sp:1200;sR:1080;\"\n\t\t\t\t\t\t\t\tdata-frame_1_mask=\"u:t;\"\n\t\t\t\t\t\t\t\tdata-frame_999=\"o:0;st:w;sR:6720;\"\n\t\t\t\t\t\t\t\tstyle=\"z-index:14;background-color:#c29b59;\"\n\t\t\t\t\t\t\t><img src=\"\/\/www.arquidiocesismty.org\/arquimty\/wp-content\/uploads\/2024\/02\/facebook-icon-slider.png\" class=\"tp-rs-img\" width=\"64\" height=\"64\" data-no-retina> \n\t\t\t\t\t\t\t<\/rs-layer><!--\n-->\t\t\t\t\t\t<\/rs-slide>\n\t\t\t\t\t<\/rs-slides>\n\t\t\t\t<\/rs-module>\n\t\t\t\t<script type=\"text\/javascript\">\n\t\t\t\t\tsetREVStartSize({c: 'rev_slider_3_1',rl:[1240,1024,778,480],el:[619.994],gw:[1240],gh:[620],type:'hero',justify:'',layout:'fullwidth',mh:\"0\"});\n\t\t\t\t\tvar\trevapi3,\n\t\t\t\t\t\ttpj;\n\t\t\t\t\tfunction revinit_revslider31() {\n\t\t\t\t\tjQuery(function() {\n\t\t\t\t\t\ttpj = jQuery;\n\t\t\t\t\t\trevapi3 = tpj(\"#rev_slider_3_1\");\n\t\t\t\t\t\tif(revapi3==undefined || revapi3.revolution == undefined){\n\t\t\t\t\t\t\trevslider_showDoubleJqueryError(\"rev_slider_3_1\");\n\t\t\t\t\t\t}else{\n\t\t\t\t\t\t\trevapi3.revolution({\n\t\t\t\t\t\t\t\tsliderType:\"hero\",\n\t\t\t\t\t\t\t\tDPR:\"dpr\",\n\t\t\t\t\t\t\t\tsliderLayout:\"fullwidth\",\n\t\t\t\t\t\t\t\tvisibilityLevels:\"1240,1024,778,480\",\n\t\t\t\t\t\t\t\tgridwidth:1240,\n\t\t\t\t\t\t\t\tgridheight:620,\n\t\t\t\t\t\t\t\tperspective:600,\n\t\t\t\t\t\t\t\tperspectiveType:\"global\",\n\t\t\t\t\t\t\t\teditorheight:\"619.994,768,960,720\",\n\t\t\t\t\t\t\t\tresponsiveLevels:\"1240,1024,778,480\",\n\t\t\t\t\t\t\t\tprogressBar:{disableProgressBar:true},\n\t\t\t\t\t\t\t\tnavigation: {\n\t\t\t\t\t\t\t\t\tonHoverStop:false\n\t\t\t\t\t\t\t\t},\n\t\t\t\t\t\t\t\tfallbacks: {\n\t\t\t\t\t\t\t\t\tallowHTML5AutoPlayOnAndroid:true\n\t\t\t\t\t\t\t\t},\n\t\t\t\t\t\t\t});\n\t\t\t\t\t\t}\n\t\t\t\t\t\t\n\t\t\t\t\t});\n\t\t\t\t\t} \/\/ End of RevInitScript\n\t\t\t\tvar once_revslider31 = false;\n\t\t\t\tif (document.readyState === \"loading\") {document.addEventListener('readystatechange',function() { if((document.readyState === \"interactive\" || document.readyState === \"complete\") && !once_revslider31 ) { once_revslider31 = true; revinit_revslider31();}});} else {once_revslider31 = true; revinit_revslider31();}\n\t\t\t\t<\/script>\n\t\t\t<\/rs-module-wrap>\n\t\t\t<!-- END REVOLUTION SLIDER -->\n[\/vc_column][\/vc_row][vc_row css=&#8221;.vc_custom_1707437402252{padding-top: 80px !important;padding-bottom: 30px !important;}&#8221; el_class=&#8221;width-medium&#8221;][vc_column][vc_custom_heading text=&#8221;\u00bfQu\u00e9 es el a\u00f1o sacerdotal?&#8221; font_container=&#8221;tag:h2|font_size:40px|text_align:left|color:%232875a6|line_height:45px&#8221; google_fonts=&#8221;font_family:Open%20Sans%3A300%2C300italic%2Cregular%2Citalic%2C600%2C600italic%2C700%2C700italic%2C800%2C800italic|font_style:700%20bold%20regular%3A700%3Anormal&#8221; css_animation=&#8221;fadeIn&#8221; css=&#8221;.vc_custom_1709794031109{padding-bottom: 30px !important;}&#8221;][vc_row_inner][vc_column_inner width=&#8221;1\/2&#8243;][vc_column_text el_class=&#8221;text-justify&#8221;]Es un a\u00f1o de preparaci\u00f3n y renovaci\u00f3n de la Iglesia de la Arquidi\u00f3cesis de Monterrey, que celebra la vocaci\u00f3n y la misi\u00f3n del sacerdote, \u201camor del coraz\u00f3n de Jes\u00fas\u201d (Santo Cura de Ars). El Coraz\u00f3n de Jes\u00fas, quiere ser el amor ferviente de los sacerdotes, el consuelo y la vocaci\u00f3n de nuestros j\u00f3venes, no olvidemos que, con el profeta, pedimos a Dios constantemente \u201csacerdotes seg\u00fan su coraz\u00f3n\u201d (cf. Jr 3,15).[\/vc_column_text][\/vc_column_inner][vc_column_inner width=&#8221;1\/2&#8243;][vc_column_text el_class=&#8221;text-justify&#8221;]Es en este contexto, queremos que este a\u00f1o 2024: A\u00f1o Sacerdotal, sea un tiempo para orar, conocer, celebrar y promover la vocaci\u00f3n sacerdotal, ministerio al servicio de los ministerios, camino de santidad personal y comunitaria, que llena de vitalidad y sentido la propia vida del sacerdote y del Pueblo que se le ha encomendado.[\/vc_column_text][\/vc_column_inner][\/vc_row_inner][vc_separator][\/vc_column][\/vc_row][vc_row css=&#8221;.vc_custom_1707783542923{padding-top: 20px !important;padding-bottom: 0px !important;}&#8221; el_class=&#8221;width-medium&#8221;][vc_column css=&#8221;.vc_custom_1709794323634{padding-bottom: 60px !important;}&#8221;][vc_custom_heading text=&#8221;\u00bfQu\u00e9 signos o acciones podemos realizar<br \/>\npara celebrar el A\u00f1o Sacerdotal?&#8221; font_container=&#8221;tag:h2|font_size:40px|text_align:center|color:%232875a6|line_height:45px&#8221; google_fonts=&#8221;font_family:Open%20Sans%3A300%2C300italic%2Cregular%2Citalic%2C600%2C600italic%2C700%2C700italic%2C800%2C800italic|font_style:700%20bold%20regular%3A700%3Anormal&#8221; css_animation=&#8221;fadeIn&#8221; css=&#8221;.vc_custom_1709794047343{padding-bottom: 60px !important;}&#8221;][vc_row_inner][vc_column_inner width=&#8221;1\/4&#8243;][vc_single_image image=&#8221;16717&#8243; img_size=&#8221;full&#8221; alignment=&#8221;center&#8221; onclick=&#8221;custom_link&#8221; img_link_target=&#8221;_blank&#8221; css_animation=&#8221;fadeInUp&#8221; css=&#8221;.vc_custom_1709794575499{margin-bottom: 10px !important;}&#8221; link=&#8221;https:\/\/www.arquidiocesismty.org\/arquimty\/2024-sacerdotal-ora\/&#8221;][vc_custom_heading text=&#8221;ORA&#8221; font_container=&#8221;tag:h4|font_size:25px|text_align:center|line_height:30px&#8221; google_fonts=&#8221;font_family:Open%20Sans%3A300%2C300italic%2Cregular%2Citalic%2C600%2C600italic%2C700%2C700italic%2C800%2C800italic|font_style:600%20bold%20regular%3A600%3Anormal&#8221; css_animation=&#8221;fadeIn&#8221;][\/vc_column_inner][vc_column_inner width=&#8221;1\/4&#8243;][vc_single_image image=&#8221;16716&#8243; img_size=&#8221;full&#8221; alignment=&#8221;center&#8221; onclick=&#8221;custom_link&#8221; img_link_target=&#8221;_blank&#8221; css_animation=&#8221;fadeInUp&#8221; css=&#8221;.vc_custom_1709794596942{margin-bottom: 10px !important;}&#8221; link=&#8221;https:\/\/www.arquidiocesismty.org\/arquimty\/2024-sacerdotal-conoce\/&#8221;][vc_custom_heading text=&#8221;CONOCE&#8221; font_container=&#8221;tag:h4|font_size:25px|text_align:center|line_height:30px&#8221; google_fonts=&#8221;font_family:Open%20Sans%3A300%2C300italic%2Cregular%2Citalic%2C600%2C600italic%2C700%2C700italic%2C800%2C800italic|font_style:600%20bold%20regular%3A600%3Anormal&#8221; css_animation=&#8221;fadeIn&#8221;][\/vc_column_inner][vc_column_inner width=&#8221;1\/4&#8243;][vc_single_image image=&#8221;16715&#8243; img_size=&#8221;full&#8221; alignment=&#8221;center&#8221; onclick=&#8221;custom_link&#8221; img_link_target=&#8221;_blank&#8221; css_animation=&#8221;fadeInUp&#8221; css=&#8221;.vc_custom_1709794604640{margin-bottom: 10px !important;}&#8221; link=&#8221;https:\/\/www.arquidiocesismty.org\/arquimty\/2024-sacerdotal-celebra\/&#8221;][vc_custom_heading text=&#8221;CELEBRA&#8221; font_container=&#8221;tag:h4|font_size:25px|text_align:center|line_height:30px&#8221; google_fonts=&#8221;font_family:Open%20Sans%3A300%2C300italic%2Cregular%2Citalic%2C600%2C600italic%2C700%2C700italic%2C800%2C800italic|font_style:600%20bold%20regular%3A600%3Anormal&#8221; css_animation=&#8221;fadeIn&#8221;][\/vc_column_inner][vc_column_inner width=&#8221;1\/4&#8243;][vc_single_image image=&#8221;16718&#8243; img_size=&#8221;full&#8221; alignment=&#8221;center&#8221; onclick=&#8221;custom_link&#8221; img_link_target=&#8221;_blank&#8221; css_animation=&#8221;fadeInUp&#8221; css=&#8221;.vc_custom_1709794614341{margin-bottom: 10px !important;}&#8221; link=&#8221;https:\/\/www.arquidiocesismty.org\/arquimty\/2024-sacerdotal-promueve\/&#8221;][vc_custom_heading text=&#8221;PROMUEVE&#8221; font_container=&#8221;tag:h4|font_size:25px|text_align:center|line_height:30px&#8221; google_fonts=&#8221;font_family:Open%20Sans%3A300%2C300italic%2Cregular%2Citalic%2C600%2C600italic%2C700%2C700italic%2C800%2C800italic|font_style:600%20bold%20regular%3A600%3Anormal&#8221; css_animation=&#8221;fadeIn&#8221;][\/vc_column_inner][\/vc_row_inner][\/vc_column][\/vc_row][vc_row full_width=&#8221;stretch_row_content&#8221; css=&#8221;.vc_custom_1707784000941{padding-top: 60px !important;padding-bottom: 60px !important;background-color: #f0eeeb !important;}&#8221;][vc_column][vc_custom_heading text=&#8221;Descarga&#8221; font_container=&#8221;tag:h2|font_size:40px|text_align:center|color:%232875a6|line_height:45px&#8221; google_fonts=&#8221;font_family:Open%20Sans%3A300%2C300italic%2Cregular%2Citalic%2C600%2C600italic%2C700%2C700italic%2C800%2C800italic|font_style:700%20bold%20regular%3A700%3Anormal&#8221; css_animation=&#8221;fadeIn&#8221; css=&#8221;.vc_custom_1709794064553{padding-bottom: 60px !important;}&#8221;][vc_row_inner][vc_column_inner width=&#8221;1\/4&#8243;][vc_single_image image=&#8221;16730&#8243; img_size=&#8221;full&#8221; alignment=&#8221;center&#8221; onclick=&#8221;custom_link&#8221; img_link_target=&#8221;_blank&#8221; css=&#8221;.vc_custom_1709794896083{margin-bottom: 10px !important;}&#8221; link=&#8221;https:\/\/drive.google.com\/drive\/folders\/1cZ7w1DFFd9daRfafTmH5iuu6JrOaAfAb&#8221;][vc_custom_heading text=&#8221;MATERIALES&#8221; font_container=&#8221;tag:h4|font_size:25px|text_align:center|line_height:30px&#8221; google_fonts=&#8221;font_family:Open%20Sans%3A300%2C300italic%2Cregular%2Citalic%2C600%2C600italic%2C700%2C700italic%2C800%2C800italic|font_style:600%20bold%20regular%3A600%3Anormal&#8221; css_animation=&#8221;fadeIn&#8221;][\/vc_column_inner][vc_column_inner width=&#8221;1\/4&#8243;][vc_single_image image=&#8221;16731&#8243; img_size=&#8221;full&#8221; alignment=&#8221;center&#8221; onclick=&#8221;custom_link&#8221; img_link_target=&#8221;_blank&#8221; css=&#8221;.vc_custom_1709795042309{margin-bottom: 10px !important;}&#8221; link=&#8221;https:\/\/drive.google.com\/drive\/folders\/1DEiyv3eNd0c129qQ4gxqBKQAF5v-JOz7?usp=drive_link&#8221;][vc_custom_heading text=&#8221;ORACIONES&#8221; font_container=&#8221;tag:h4|font_size:25px|text_align:center|line_height:30px&#8221; google_fonts=&#8221;font_family:Open%20Sans%3A300%2C300italic%2Cregular%2Citalic%2C600%2C600italic%2C700%2C700italic%2C800%2C800italic|font_style:600%20bold%20regular%3A600%3Anormal&#8221; css_animation=&#8221;fadeIn&#8221;][\/vc_column_inner][vc_column_inner width=&#8221;1\/4&#8243;][vc_single_image image=&#8221;16732&#8243; img_size=&#8221;full&#8221; alignment=&#8221;center&#8221; onclick=&#8221;custom_link&#8221; img_link_target=&#8221;_blank&#8221; css=&#8221;.vc_custom_1709795186673{margin-bottom: 10px !important;}&#8221; link=&#8221;https:\/\/drive.google.com\/drive\/folders\/17pB0O5tGorWTeEVvkWrh7kPBLxS8E0my?usp=drive_link&#8221;][vc_custom_heading text=&#8221;V\u00cdDEOS&#8221; font_container=&#8221;tag:h4|font_size:25px|text_align:center|line_height:30px&#8221; google_fonts=&#8221;font_family:Open%20Sans%3A300%2C300italic%2Cregular%2Citalic%2C600%2C600italic%2C700%2C700italic%2C800%2C800italic|font_style:600%20bold%20regular%3A600%3Anormal&#8221; css_animation=&#8221;fadeIn&#8221;][\/vc_column_inner][vc_column_inner width=&#8221;1\/4&#8243;][vc_single_image image=&#8221;16729&#8243; img_size=&#8221;full&#8221; alignment=&#8221;center&#8221; onclick=&#8221;custom_link&#8221; img_link_target=&#8221;_blank&#8221; css=&#8221;.vc_custom_1709837724590{margin-bottom: 10px !important;}&#8221; link=&#8221;https:\/\/drive.google.com\/drive\/folders\/12OcrnxJLy45LofRbo_RSWUR8VPIk0vGq?usp=drive_link&#8221;][vc_custom_heading text=&#8221;LOGO&#8221; font_container=&#8221;tag:h4|font_size:25px|text_align:center|line_height:30px&#8221; google_fonts=&#8221;font_family:Open%20Sans%3A300%2C300italic%2Cregular%2Citalic%2C600%2C600italic%2C700%2C700italic%2C800%2C800italic|font_style:600%20bold%20regular%3A600%3Anormal&#8221; css_animation=&#8221;fadeIn&#8221;][\/vc_column_inner][\/vc_row_inner][\/vc_column][\/vc_row][vc_row css=&#8221;.vc_custom_1707796557779{padding-top: 60px !important;padding-bottom: 60px !important;}&#8221; el_id=&#8221;calendario&#8221;][vc_column][vc_row_inner][vc_column_inner width=&#8221;1\/4&#8243;][\/vc_column_inner][vc_column_inner width=&#8221;1\/2&#8243;][vc_custom_heading text=&#8221;Calendario&#8221; font_container=&#8221;tag:h2|font_size:40px|text_align:center|color:%232875a6|line_height:45px&#8221; google_fonts=&#8221;font_family:Open%20Sans%3A300%2C300italic%2Cregular%2Citalic%2C600%2C600italic%2C700%2C700italic%2C800%2C800italic|font_style:700%20bold%20regular%3A700%3Anormal&#8221; css_animation=&#8221;fadeIn&#8221; css=&#8221;.vc_custom_1709794083442{padding-bottom: 40px !important;}&#8221;][vc_column_text css=&#8221;.vc_custom_1709795634908{margin-bottom: 0px !important;}&#8221;]<\/p>\n<h4><strong>ENERO<\/strong><\/h4>\n<p>27 III Torneo deportivo San Jos\u00e9 S\u00e1nchez del R\u00edo para adolescentes varones.<\/p>\n<h4><strong>FEBRERO<\/strong><\/h4>\n<p>2 Jornada de la vida Consagrada: Marcha de la Luz.<br \/>\n2 Visita de los seminaristas a colegios.<br \/>\n10 Encuentro de adolescentes en el Seminario: \u201cYo Voy\u201d<br \/>\n* Junta de Presbiterio: Foro de buenas pr\u00e1cticas y estrategias sacerdotales para llamar<br \/>\nvocaciones.<br \/>\n* Mes del Seminario<\/p>\n<h4><strong>MARZO<\/strong><\/h4>\n<p>2-3 Encuentro vocacional sacerdotal para j\u00f3venes y profesionistas<br \/>\n* Ejercicios Espirituales de Cuaresma sobre la vocaci\u00f3n sacerdotal<br \/>\n27 Retiro Sacerdotal (Mi\u00e9rcoles de Semana Santa)<\/p>\n<h4><strong>ABRIL<\/strong><\/h4>\n<p>21 Encuentro de los J\u00f3venes con el Arzobispo<\/p>\n<h4><strong>MAYO<\/strong><\/h4>\n<p>23 Fiesta de Jesucristo Sumo y Eterno Sacerdote<br \/>\n29 Inicio del Novenario del Sagrado Coraz\u00f3n de Jes\u00fas<\/p>\n<h4><strong>JUNIO<\/strong><\/h4>\n<p>7 Erecci\u00f3n de la Parroquia del Sagrado Coraz\u00f3n de Jes\u00fas como Santuario Sacerdotal<br \/>\nArquidiocesano.<br \/>\n9-30 Misiones urbanas juveniles<br \/>\n* Junta de Presbiterio: Foro de buenas pr\u00e1cticas y estrategias sacerdotales para llamar<br \/>\nvocaciones.[\/vc_column_text][\/vc_column_inner][vc_column_inner width=&#8221;1\/4&#8243;][\/vc_column_inner][\/vc_row_inner][vc_separator css=&#8221;.vc_custom_1707796717525{padding-top: 60px !important;}&#8221;][\/vc_column][\/vc_row][vc_row css=&#8221;.vc_custom_1707796542464{margin-bottom: 60px !important;}&#8221;][vc_column][vc_row_inner][vc_column_inner width=&#8221;1\/6&#8243;][\/vc_column_inner][vc_column_inner width=&#8221;2\/3&#8243;][vc_custom_heading text=&#8221;Cont\u00e1ctanos&#8221; font_container=&#8221;tag:h2|font_size:40px|text_align:center|color:%232875a6|line_height:45px&#8221; google_fonts=&#8221;font_family:Open%20Sans%3A300%2C300italic%2Cregular%2Citalic%2C600%2C600italic%2C700%2C700italic%2C800%2C800italic|font_style:700%20bold%20regular%3A700%3Anormal&#8221; css_animation=&#8221;fadeIn&#8221; css=&#8221;.vc_custom_1709794106662{padding-bottom: 40px !important;}&#8221;]<div class=\"wpforms-container wpforms-container-full wpforms-render-modern\" id=\"wpforms-16759\"><form id=\"wpforms-form-16759\" class=\"wpforms-validate wpforms-form wpforms-ajax-form\" data-formid=\"16759\" method=\"post\" enctype=\"multipart\/form-data\" action=\"\/arquimty\/wp-json\/wp\/v2\/pages\/16638\" data-token=\"1631d364eef09851eb2f07b099db07fd\"><noscript class=\"wpforms-error-noscript\">Por favor, activa JavaScript en tu navegador para completar este formulario.<\/noscript><div class=\"wpforms-hidden\" id=\"wpforms-error-noscript\">Por favor, activa JavaScript en tu navegador para completar este formulario.<\/div><div class=\"wpforms-field-container\"><div id=\"wpforms-16759-field_0-container\" class=\"wpforms-field wpforms-field-name wpforms-one-half wpforms-first\" data-field-id=\"0\"><label class=\"wpforms-field-label\" for=\"wpforms-16759-field_0\">Nombre <span class=\"wpforms-required-label\" aria-hidden=\"true\">*<\/span><\/label><input type=\"text\" id=\"wpforms-16759-field_0\" class=\"wpforms-field-large wpforms-field-required\" name=\"wpforms[fields][0]\" aria-errormessage=\"wpforms-16759-field_0-error\" required><\/div><div id=\"wpforms-16759-field_1-container\" class=\"wpforms-field wpforms-field-email wpforms-one-half\" data-field-id=\"1\"><label class=\"wpforms-field-label\" for=\"wpforms-16759-field_1\">Correo electr\u00f3nico <span class=\"wpforms-required-label\" aria-hidden=\"true\">*<\/span><\/label><input type=\"email\" id=\"wpforms-16759-field_1\" class=\"wpforms-field-large wpforms-field-required\" name=\"wpforms[fields][1]\" spellcheck=\"false\" aria-errormessage=\"wpforms-16759-field_1-error\" required><\/div><div id=\"wpforms-16759-field_2-container\" class=\"wpforms-field wpforms-field-textarea\" data-field-id=\"2\"><label class=\"wpforms-field-label\" for=\"wpforms-16759-field_2\">Comentario<\/label><textarea id=\"wpforms-16759-field_2\" class=\"wpforms-field-medium\" name=\"wpforms[fields][2]\" aria-errormessage=\"wpforms-16759-field_2-error\" ><\/textarea><\/div><\/div><!-- .wpforms-field-container --><div class=\"wpforms-submit-container\" ><input type=\"hidden\" name=\"wpforms[id]\" value=\"16759\"><input type=\"hidden\" name=\"wpforms[author]\" value=\"1\"><button type=\"submit\" name=\"wpforms[submit]\" id=\"wpforms-submit-16759\" class=\"wpforms-submit\" data-alt-text=\"Enviando...\" data-submit-text=\"ENVIAR\" aria-live=\"assertive\" value=\"wpforms-submit\">ENVIAR<\/button><img src=\"https:\/\/www.arquidiocesismty.org\/arquimty\/wp-content\/plugins\/wpforms-lite\/assets\/images\/submit-spin.svg\" class=\"wpforms-submit-spinner\" style=\"display: none;\" width=\"26\" height=\"26\" alt=\"Cargando\"><\/div><\/form><\/div>  <!-- .wpforms-container -->[\/vc_column_inner][vc_column_inner width=&#8221;1\/6&#8243;][\/vc_column_inner][\/vc_row_inner][\/vc_column][\/vc_row][vc_row full_width=&#8221;stretch_row&#8221; css=&#8221;.vc_custom_1707795861184{padding-bottom: 35px !important;background-image: url(https:\/\/www.arquidiocesismty.org\/arquimty\/wp-content\/uploads\/1707\/92\/bkg-landing.jpg?id=16789) !important;background-position: center !important;background-repeat: no-repeat !important;background-size: cover !important;}&#8221;][vc_column][vc_row_inner content_placement=&#8221;middle&#8221; css=&#8221;.vc_custom_1707795898775{margin-bottom: 0px !important;}&#8221;][vc_column_inner width=&#8221;1\/3&#8243;][vc_column_text css=&#8221;.vc_custom_1707797631062{margin-bottom: 10px !important;}&#8221; el_class=&#8221;text-no-margin&#8221;]<a href=\"#\"><img decoding=\"async\" loading=\"lazy\" class=\"alignnone wp-image-16654\" src=\"https:\/\/www.arquidiocesismty.org\/arquimty\/wp-content\/uploads\/2024\/02\/twitter-icon-slider.png\" alt=\"\" width=\"23\" height=\"23\" srcset=\"https:\/\/www.arquidiocesismty.org\/arquimty\/wp-content\/uploads\/2024\/02\/twitter-icon-slider.png 64w, https:\/\/www.arquidiocesismty.org\/arquimty\/wp-content\/uploads\/2024\/02\/twitter-icon-slider-50x50.png 50w\" sizes=\"(max-width: 23px) 100vw, 23px\" \/><\/a> \u00a0 \u00a0<a href=\"#\"><img decoding=\"async\" loading=\"lazy\" class=\"alignnone wp-image-16656\" src=\"https:\/\/www.arquidiocesismty.org\/arquimty\/wp-content\/uploads\/2024\/02\/instagram-icon-slider.png\" alt=\"\" width=\"23\" height=\"23\" srcset=\"https:\/\/www.arquidiocesismty.org\/arquimty\/wp-content\/uploads\/2024\/02\/instagram-icon-slider.png 64w, https:\/\/www.arquidiocesismty.org\/arquimty\/wp-content\/uploads\/2024\/02\/instagram-icon-slider-50x50.png 50w\" sizes=\"(max-width: 23px) 100vw, 23px\" \/><\/a>\u00a0 \u00a0<a href=\"#\"><img decoding=\"async\" loading=\"lazy\" class=\"alignnone wp-image-16655\" src=\"https:\/\/www.arquidiocesismty.org\/arquimty\/wp-content\/uploads\/2024\/02\/facebook-icon-slider.png\" alt=\"\" width=\"23\" height=\"23\" srcset=\"https:\/\/www.arquidiocesismty.org\/arquimty\/wp-content\/uploads\/2024\/02\/facebook-icon-slider.png 64w, https:\/\/www.arquidiocesismty.org\/arquimty\/wp-content\/uploads\/2024\/02\/facebook-icon-slider-50x50.png 50w\" sizes=\"(max-width: 23px) 100vw, 23px\" \/><\/a>[\/vc_column_text][\/vc_column_inner][vc_column_inner width=&#8221;1\/3&#8243;][vc_single_image image=&#8221;16793&#8243; img_size=&#8221;full&#8221; alignment=&#8221;center&#8221; css=&#8221;.vc_custom_1707797640002{margin-bottom: 10px !important;}&#8221; el_class=&#8221;image-no-margin&#8221;][\/vc_column_inner][vc_column_inner el_class=&#8221;text-footer-right&#8221; width=&#8221;1\/3&#8243;][vc_column_text]<\/p>\n<p style=\"text-align: center;\"><span style=\"color: #ffffff;\">\u00a9 2024 A\u00f1o Sacerdotal. <a style=\"color: #ffffff;\" href=\"https:\/\/www.arquidiocesismty.org\/arquimty\/wp-content\/uploads\/2024\/03\/Aviso-de-Privacidad.pdf\" target=\"_blank\" rel=\"noopener\">Aviso de privacidad<\/a>. <a style=\"color: #ffffff;\" href=\"https:\/\/www.arquidiocesismty.org\/\" target=\"_blank\" rel=\"noopener\">Arquidi\u00f3cesis de Monterrey<\/a>.<\/span><\/p>\n<p>[\/vc_column_text][\/vc_column_inner][\/vc_row_inner][\/vc_column][\/vc_row]<\/p>\n","protected":false},"excerpt":{"rendered":"<p>[vc_row full_width=&#8221;stretch_row_content_no_spaces&#8221;][vc_column][\/vc_column][\/vc_row][vc_row css=&#8221;.vc_custom_1707437402252{padding-top: 80px !important;padding-bottom: 30px !important;}&#8221; el_class=&#8221;width-medium&#8221;][vc_column][vc_custom_heading text=&#8221;\u00bfQu\u00e9 es el a\u00f1o sacerdotal?&#8221; font_container=&#8221;tag:h2|font_size:40px|text_align:left|color:%232875a6|line_height:45px&#8221; google_fonts=&#8221;font_family:Open%20Sans%3A300%2C300italic%2Cregular%2Citalic%2C600%2C600italic%2C700%2C700italic%2C800%2C800italic|font_style:700%20bold%20regular%3A700%3Anormal&#8221; css_animation=&#8221;fadeIn&#8221; css=&#8221;.vc_custom_1709794031109{padding-bottom: 30px !important;}&#8221;][vc_row_inner][vc_column_inner width=&#8221;1\/2&#8243;][vc_column_text el_class=&#8221;text-justify&#8221;]Es un a\u00f1o de preparaci\u00f3n y<span class=\"excerpt-hellip\"> [\u2026]<\/span><\/p>\n","protected":false},"author":1,"featured_media":0,"parent":0,"menu_order":0,"comment_status":"closed","ping_status":"closed","template":"template-blank.php","meta":[],"_links":{"self":[{"href":"https:\/\/www.arquidiocesismty.org\/arquimty\/wp-json\/wp\/v2\/pages\/16638"}],"collection":[{"href":"https:\/\/www.arquidiocesismty.org\/arquimty\/wp-json\/wp\/v2\/pages"}],"about":[{"href":"https:\/\/www.arquidiocesismty.org\/arquimty\/wp-json\/wp\/v2\/types\/page"}],"author":[{"embeddable":true,"href":"https:\/\/www.arquidiocesismty.org\/arquimty\/wp-json\/wp\/v2\/users\/1"}],"replies":[{"embeddable":true,"href":"https:\/\/www.arquidiocesismty.org\/arquimty\/wp-json\/wp\/v2\/comments?post=16638"}],"version-history":[{"count":140,"href":"https:\/\/www.arquidiocesismty.org\/arquimty\/wp-json\/wp\/v2\/pages\/16638\/revisions"}],"predecessor-version":[{"id":16897,"href":"https:\/\/www.arquidiocesismty.org\/arquimty\/wp-json\/wp\/v2\/pages\/16638\/revisions\/16897"}],"wp:attachment":[{"href":"https:\/\/www.arquidiocesismty.org\/arquimty\/wp-json\/wp\/v2\/media?parent=16638"}],"curies":[{"name":"wp","href":"https:\/\/api.w.org\/{rel}","templated":true}]}}